{"id":11347,"date":"2021-08-20T12:00:07","date_gmt":"2021-08-20T10:00:07","guid":{"rendered":"https:\/\/krajn.sk\/expo\/?post_type=product&#038;p=11347"},"modified":"2023-01-14T22:41:19","modified_gmt":"2023-01-14T21:41:19","slug":"dlazba-pre-nevidiacich","status":"publish","type":"product","link":"https:\/\/krajn.sk\/expo\/sortiment\/dlazba-a-terasove-platne\/betonova-dlazba\/dlazba-pre-nevidiacich\/","title":{"rendered":"Dla\u017eba pre nevidiacich"},"content":{"rendered":"<p>Dla\u017eba pre nevidiacich sa vyber\u00e1 aj s oh\u013eadom na vytvorenie farebn\u00e9ho kontrastu s okolitou plochou, preto\u017ee podstatn\u00e1 \u010das\u0165 os\u00f4b so slab\u00fdm zrakom sa orientuje dobre pod\u013ea vizu\u00e1lneho farebn\u00e9ho kontrastu pou\u017eit\u00fdch dla\u017eieb.<\/p>\n<p>Dla\u017eby s\u00fa mrazuvzdorn\u00e9 a s\u00fa opatren\u00e9 ochrann\u00fdm syst\u00e9mom Protect System IN proti zne\u010disteniu a prenikaniu vody.<\/p>\n<p>Ide o materi\u00e1l pre sign\u00e1lne, varovn\u00e9 a hmatate\u013en\u00e9 p\u00e1sy pre nevidiacich. V\u00fdrobok je ur\u010den\u00fd len pre vykon\u00e1vanie varovn\u00fdch, sign\u00e1lnych a hmatn\u00fdch p\u00e1sov definovan\u00fdch vyhl\u00e1\u0161kou \u010d. 398\/2009 Zb.<\/p>\n<p>&nbsp;<\/p>\n<p>Pri odbere neucelenej palety sa \u00fa\u010dtuje <strong>poplatok za rozbalenie 10\u20ac<\/strong><\/p>\n<p>Holland I SLP skladba hr. 6cm (pr\u00edrodn\u00e1, \u010derven\u00e1, biela) &#8211; <strong>10.80&nbsp;m<b>\u00b2<\/b>\/pal <\/strong>(530\/20 ks)<\/p>\n<p>Holland I SLP skladba hr. 8cm (pr\u00edrodn\u00e1, \u010derven\u00e1) &#8211; <strong>8.64 m<b>\u00b2<\/b>\/pal <\/strong>(424\/16 ks)<\/p>\n<p>SLP s vodiacou l\u00edniou (pr\u00edrodn\u00e1, biela)- <strong>11.52 m<b>\u00b2<\/b>\/pal <\/strong>(288 ks)<\/p>\n","protected":false},"excerpt":{"rendered":"<p>Ide o \u0161peci\u00e1lnu dla\u017ebu s v\u00fdrazne tvarovan\u00fdm povrchom je ur\u010den\u00e1 ako doplnok ku v\u0161etk\u00fdm typom spevnen\u00fdch pl\u00f4ch tam, kde je nutn\u00e9 vies\u0165 nevidiacich a slabozrak\u00fdch chodcov ur\u010dit\u00fdm smerom, napr. K prechodu pre chodcov, na zast\u00e1vku MHD, ku vchodu do budovy a pod. Plastick\u00fd povrch s v\u00fdstupkami alebo vodiacou l\u00edniou je jednozna\u010dne zistite\u013en\u00fd hmatovo pal\u00edc i n\u00e1\u0161\u013eapom.&nbsp;<\/p>\n","protected":false},"featured_media":11351,"template":"","meta":{"inline_featured_image":false,"site-sidebar-layout":"default","site-content-layout":"","ast-site-content-layout":"","site-content-style":"default","site-sidebar-style":"default","ast-global-header-display":"","ast-banner-title-visibility":"","ast-main-header-display":"","ast-hfb-above-header-display":"","ast-hfb-below-header-display":"","ast-hfb-mobile-header-display":"","site-post-title":"","ast-breadcrumbs-content":"","ast-featured-img":"","footer-sml-layout":"","theme-transparent-header-meta":"","adv-header-id-meta":"","stick-header-meta":"","header-above-stick-meta":"","header-main-stick-meta":"","header-below-stick-meta":"","astra-migrate-meta-layouts":"default","ast-page-background-enabled":"default","ast-page-background-meta":{"desktop":{"background-color":"var(--ast-global-color-4)","background-image":"","background-repeat":"repeat","background-position":"center center","background-size":"auto","background-attachment":"scroll","background-type":"","background-media":"","overlay-type":"","overlay-color":"","overlay-opacity":"","overlay-gradient":""},"tablet":{"background-color":"","background-image":"","background-repeat":"repeat","background-position":"center center","background-size":"auto","background-attachment":"scroll","background-type":"","background-media":"","overlay-type":"","overlay-color":"","overlay-opacity":"","overlay-gradient":""},"mobile":{"background-color":"","background-image":"","background-repeat":"repeat","background-position":"center center","background-size":"auto","background-attachment":"scroll","background-type":"","background-media":"","overlay-type":"","overlay-color":"","overlay-opacity":"","overlay-gradient":""}},"ast-content-background-meta":{"desktop":{"background-color":"var(--ast-global-color-5)","background-image":"","background-repeat":"repeat","background-position":"center center","background-size":"auto","background-attachment":"scroll","background-type":"","background-media":"","overlay-type":"","overlay-color":"","overlay-opacity":"","overlay-gradient":""},"tablet":{"background-color":"var(--ast-global-color-5)","background-image":"","background-repeat":"repeat","background-position":"center center","background-size":"auto","background-attachment":"scroll","background-type":"","background-media":"","overlay-type":"","overlay-color":"","overlay-opacity":"","overlay-gradient":""},"mobile":{"background-color":"var(--ast-global-color-5)","background-image":"","background-repeat":"repeat","background-position":"center center","background-size":"auto","background-attachment":"scroll","background-type":"","background-media":"","overlay-type":"","overlay-color":"","overlay-opacity":"","overlay-gradient":""}},"ngg_post_thumbnail":0},"product_brand":[],"product_cat":[232],"product_tag":[335],"class_list":{"0":"post-11347","1":"product","2":"type-product","3":"status-publish","4":"has-post-thumbnail","6":"product_cat-betonova-dlazba","7":"product_tag-presbeton","8":"pa_dodavatelia-presbeton","9":"desktop-align-left","10":"tablet-align-left","11":"mobile-align-left","13":"first","14":"instock","15":"taxable","16":"shipping-taxable","17":"purchasable","18":"product-type-variable","19":"has-default-attributes"},"yoast_head":"<!-- This site is optimized with the Yoast SEO plugin v24.8.1 - https:\/\/yoast.com\/wordpress\/plugins\/seo\/ -->\n<title>Dla\u017eba pre nevidiacich | Krajn Exp<\/title>\n<meta name=\"robots\" content=\"index, follow, max-snippet:-1, max-image-preview:large, max-video-preview:-1\" \/>\n<link rel=\"canonical\" href=\"https:\/\/krajn.sk\/expo\/sortiment\/dlazba-a-terasove-platne\/betonova-dlazba\/dlazba-pre-nevidiacich\/\" \/>\n<meta property=\"og:locale\" content=\"sk_SK\" \/>\n<meta property=\"og:type\" content=\"article\" \/>\n<meta property=\"og:title\" content=\"Dla\u017eba pre nevidiacich | Krajn Exp\" \/>\n<meta property=\"og:description\" content=\"Ide o \u0161peci\u00e1lnu dla\u017ebu s v\u00fdrazne tvarovan\u00fdm povrchom je ur\u010den\u00e1 ako doplnok ku v\u0161etk\u00fdm typom spevnen\u00fdch pl\u00f4ch tam, kde je nutn\u00e9 vies\u0165 nevidiacich a slabozrak\u00fdch chodcov ur\u010dit\u00fdm smerom, napr. K prechodu pre chodcov, na zast\u00e1vku MHD, ku vchodu do budovy a pod. Plastick\u00fd povrch s v\u00fdstupkami alebo vodiacou l\u00edniou je jednozna\u010dne zistite\u013en\u00fd hmatovo pal\u00edc i n\u00e1\u0161\u013eapom.&nbsp;\" \/>\n<meta property=\"og:url\" content=\"https:\/\/krajn.sk\/expo\/sortiment\/dlazba-a-terasove-platne\/betonova-dlazba\/dlazba-pre-nevidiacich\/\" \/>\n<meta property=\"og:site_name\" content=\"Krajn Exp\" \/>\n<meta property=\"article:modified_time\" content=\"2023-01-14T21:41:19+00:00\" \/>\n<meta property=\"og:image\" content=\"https:\/\/krajn.sk\/expo\/wp-content\/uploads\/2021\/08\/dlazba-pre-nevidiacich.jpeg\" \/>\n\t<meta property=\"og:image:width\" content=\"750\" \/>\n\t<meta property=\"og:image:height\" content=\"775\" \/>\n\t<meta property=\"og:image:type\" content=\"image\/jpeg\" \/>\n<meta name=\"twitter:card\" content=\"summary_large_image\" \/>\n<meta name=\"twitter:label1\" content=\"Predpokladan\u00fd \u010das \u010d\u00edtania\" \/>\n\t<meta name=\"twitter:data1\" content=\"1 min\u00fata\" \/>\n<script type=\"application\/ld+json\" class=\"yoast-schema-graph\">{\"@context\":\"https:\/\/schema.org\",\"@graph\":[{\"@type\":\"WebPage\",\"@id\":\"https:\/\/krajn.sk\/expo\/sortiment\/dlazba-a-terasove-platne\/betonova-dlazba\/dlazba-pre-nevidiacich\/\",\"url\":\"https:\/\/krajn.sk\/expo\/sortiment\/dlazba-a-terasove-platne\/betonova-dlazba\/dlazba-pre-nevidiacich\/\",\"name\":\"Dla\u017eba pre nevidiacich | Krajn Exp\",\"isPartOf\":{\"@id\":\"https:\/\/krajn.sk\/expo\/#website\"},\"primaryImageOfPage\":{\"@id\":\"https:\/\/krajn.sk\/expo\/sortiment\/dlazba-a-terasove-platne\/betonova-dlazba\/dlazba-pre-nevidiacich\/#primaryimage\"},\"image\":{\"@id\":\"https:\/\/krajn.sk\/expo\/sortiment\/dlazba-a-terasove-platne\/betonova-dlazba\/dlazba-pre-nevidiacich\/#primaryimage\"},\"thumbnailUrl\":\"https:\/\/krajn.sk\/expo\/wp-content\/uploads\/2021\/08\/dlazba-pre-nevidiacich.jpeg\",\"datePublished\":\"2021-08-20T10:00:07+00:00\",\"dateModified\":\"2023-01-14T21:41:19+00:00\",\"breadcrumb\":{\"@id\":\"https:\/\/krajn.sk\/expo\/sortiment\/dlazba-a-terasove-platne\/betonova-dlazba\/dlazba-pre-nevidiacich\/#breadcrumb\"},\"inLanguage\":\"sk-SK\",\"potentialAction\":[{\"@type\":\"ReadAction\",\"target\":[\"https:\/\/krajn.sk\/expo\/sortiment\/dlazba-a-terasove-platne\/betonova-dlazba\/dlazba-pre-nevidiacich\/\"]}]},{\"@type\":\"ImageObject\",\"inLanguage\":\"sk-SK\",\"@id\":\"https:\/\/krajn.sk\/expo\/sortiment\/dlazba-a-terasove-platne\/betonova-dlazba\/dlazba-pre-nevidiacich\/#primaryimage\",\"url\":\"https:\/\/krajn.sk\/expo\/wp-content\/uploads\/2021\/08\/dlazba-pre-nevidiacich.jpeg\",\"contentUrl\":\"https:\/\/krajn.sk\/expo\/wp-content\/uploads\/2021\/08\/dlazba-pre-nevidiacich.jpeg\",\"width\":750,\"height\":775},{\"@type\":\"BreadcrumbList\",\"@id\":\"https:\/\/krajn.sk\/expo\/sortiment\/dlazba-a-terasove-platne\/betonova-dlazba\/dlazba-pre-nevidiacich\/#breadcrumb\",\"itemListElement\":[{\"@type\":\"ListItem\",\"position\":1,\"name\":\"Home\",\"item\":\"https:\/\/krajn.sk\/expo\/\"},{\"@type\":\"ListItem\",\"position\":2,\"name\":\"Produkty\",\"item\":\"https:\/\/krajn.sk\/expo\/sortiment\/\"},{\"@type\":\"ListItem\",\"position\":3,\"name\":\"Dla\u017eba pre nevidiacich\"}]},{\"@type\":\"WebSite\",\"@id\":\"https:\/\/krajn.sk\/expo\/#website\",\"url\":\"https:\/\/krajn.sk\/expo\/\",\"name\":\"Krajn Exp\",\"description\":\"Va\u0161e stavebniny na kraji Stupavy!\",\"publisher\":{\"@id\":\"https:\/\/krajn.sk\/expo\/#organization\"},\"potentialAction\":[{\"@type\":\"SearchAction\",\"target\":{\"@type\":\"EntryPoint\",\"urlTemplate\":\"https:\/\/krajn.sk\/expo\/?s={search_term_string}\"},\"query-input\":{\"@type\":\"PropertyValueSpecification\",\"valueRequired\":true,\"valueName\":\"search_term_string\"}}],\"inLanguage\":\"sk-SK\"},{\"@type\":\"Organization\",\"@id\":\"https:\/\/krajn.sk\/expo\/#organization\",\"name\":\"Krajn Expo\",\"url\":\"https:\/\/krajn.sk\/expo\/\",\"logo\":{\"@type\":\"ImageObject\",\"inLanguage\":\"sk-SK\",\"@id\":\"https:\/\/krajn.sk\/expo\/#\/schema\/logo\/image\/\",\"url\":\"https:\/\/krajn.sk\/expo\/wp-content\/uploads\/2020\/03\/logo_expo_transparent.png\",\"contentUrl\":\"https:\/\/krajn.sk\/expo\/wp-content\/uploads\/2020\/03\/logo_expo_transparent.png\",\"width\":91,\"height\":105,\"caption\":\"Krajn Expo\"},\"image\":{\"@id\":\"https:\/\/krajn.sk\/expo\/#\/schema\/logo\/image\/\"}}]}<\/script>\n<!-- \/ Yoast SEO plugin. -->","yoast_head_json":{"title":"Dla\u017eba pre nevidiacich | Krajn Exp","robots":{"index":"index","follow":"follow","max-snippet":"max-snippet:-1","max-image-preview":"max-image-preview:large","max-video-preview":"max-video-preview:-1"},"canonical":"https:\/\/krajn.sk\/expo\/sortiment\/dlazba-a-terasove-platne\/betonova-dlazba\/dlazba-pre-nevidiacich\/","og_locale":"sk_SK","og_type":"article","og_title":"Dla\u017eba pre nevidiacich | Krajn Exp","og_description":"Ide o \u0161peci\u00e1lnu dla\u017ebu s v\u00fdrazne tvarovan\u00fdm povrchom je ur\u010den\u00e1 ako doplnok ku v\u0161etk\u00fdm typom spevnen\u00fdch pl\u00f4ch tam, kde je nutn\u00e9 vies\u0165 nevidiacich a slabozrak\u00fdch chodcov ur\u010dit\u00fdm smerom, napr. K prechodu pre chodcov, na zast\u00e1vku MHD, ku vchodu do budovy a pod. Plastick\u00fd povrch s v\u00fdstupkami alebo vodiacou l\u00edniou je jednozna\u010dne zistite\u013en\u00fd hmatovo pal\u00edc i n\u00e1\u0161\u013eapom.&nbsp;","og_url":"https:\/\/krajn.sk\/expo\/sortiment\/dlazba-a-terasove-platne\/betonova-dlazba\/dlazba-pre-nevidiacich\/","og_site_name":"Krajn Exp","article_modified_time":"2023-01-14T21:41:19+00:00","og_image":[{"width":750,"height":775,"url":"https:\/\/krajn.sk\/expo\/wp-content\/uploads\/2021\/08\/dlazba-pre-nevidiacich.jpeg","type":"image\/jpeg"}],"twitter_card":"summary_large_image","twitter_misc":{"Predpokladan\u00fd \u010das \u010d\u00edtania":"1 min\u00fata"},"schema":{"@context":"https:\/\/schema.org","@graph":[{"@type":"WebPage","@id":"https:\/\/krajn.sk\/expo\/sortiment\/dlazba-a-terasove-platne\/betonova-dlazba\/dlazba-pre-nevidiacich\/","url":"https:\/\/krajn.sk\/expo\/sortiment\/dlazba-a-terasove-platne\/betonova-dlazba\/dlazba-pre-nevidiacich\/","name":"Dla\u017eba pre nevidiacich | Krajn Exp","isPartOf":{"@id":"https:\/\/krajn.sk\/expo\/#website"},"primaryImageOfPage":{"@id":"https:\/\/krajn.sk\/expo\/sortiment\/dlazba-a-terasove-platne\/betonova-dlazba\/dlazba-pre-nevidiacich\/#primaryimage"},"image":{"@id":"https:\/\/krajn.sk\/expo\/sortiment\/dlazba-a-terasove-platne\/betonova-dlazba\/dlazba-pre-nevidiacich\/#primaryimage"},"thumbnailUrl":"https:\/\/krajn.sk\/expo\/wp-content\/uploads\/2021\/08\/dlazba-pre-nevidiacich.jpeg","datePublished":"2021-08-20T10:00:07+00:00","dateModified":"2023-01-14T21:41:19+00:00","breadcrumb":{"@id":"https:\/\/krajn.sk\/expo\/sortiment\/dlazba-a-terasove-platne\/betonova-dlazba\/dlazba-pre-nevidiacich\/#breadcrumb"},"inLanguage":"sk-SK","potentialAction":[{"@type":"ReadAction","target":["https:\/\/krajn.sk\/expo\/sortiment\/dlazba-a-terasove-platne\/betonova-dlazba\/dlazba-pre-nevidiacich\/"]}]},{"@type":"ImageObject","inLanguage":"sk-SK","@id":"https:\/\/krajn.sk\/expo\/sortiment\/dlazba-a-terasove-platne\/betonova-dlazba\/dlazba-pre-nevidiacich\/#primaryimage","url":"https:\/\/krajn.sk\/expo\/wp-content\/uploads\/2021\/08\/dlazba-pre-nevidiacich.jpeg","contentUrl":"https:\/\/krajn.sk\/expo\/wp-content\/uploads\/2021\/08\/dlazba-pre-nevidiacich.jpeg","width":750,"height":775},{"@type":"BreadcrumbList","@id":"https:\/\/krajn.sk\/expo\/sortiment\/dlazba-a-terasove-platne\/betonova-dlazba\/dlazba-pre-nevidiacich\/#breadcrumb","itemListElement":[{"@type":"ListItem","position":1,"name":"Home","item":"https:\/\/krajn.sk\/expo\/"},{"@type":"ListItem","position":2,"name":"Produkty","item":"https:\/\/krajn.sk\/expo\/sortiment\/"},{"@type":"ListItem","position":3,"name":"Dla\u017eba pre nevidiacich"}]},{"@type":"WebSite","@id":"https:\/\/krajn.sk\/expo\/#website","url":"https:\/\/krajn.sk\/expo\/","name":"Krajn Exp","description":"Va\u0161e stavebniny na kraji Stupavy!","publisher":{"@id":"https:\/\/krajn.sk\/expo\/#organization"},"potentialAction":[{"@type":"SearchAction","target":{"@type":"EntryPoint","urlTemplate":"https:\/\/krajn.sk\/expo\/?s={search_term_string}"},"query-input":{"@type":"PropertyValueSpecification","valueRequired":true,"valueName":"search_term_string"}}],"inLanguage":"sk-SK"},{"@type":"Organization","@id":"https:\/\/krajn.sk\/expo\/#organization","name":"Krajn Expo","url":"https:\/\/krajn.sk\/expo\/","logo":{"@type":"ImageObject","inLanguage":"sk-SK","@id":"https:\/\/krajn.sk\/expo\/#\/schema\/logo\/image\/","url":"https:\/\/krajn.sk\/expo\/wp-content\/uploads\/2020\/03\/logo_expo_transparent.png","contentUrl":"https:\/\/krajn.sk\/expo\/wp-content\/uploads\/2020\/03\/logo_expo_transparent.png","width":91,"height":105,"caption":"Krajn Expo"},"image":{"@id":"https:\/\/krajn.sk\/expo\/#\/schema\/logo\/image\/"}}]}},"_links":{"self":[{"href":"https:\/\/krajn.sk\/expo\/wp-json\/wp\/v2\/product\/11347"}],"collection":[{"href":"https:\/\/krajn.sk\/expo\/wp-json\/wp\/v2\/product"}],"about":[{"href":"https:\/\/krajn.sk\/expo\/wp-json\/wp\/v2\/types\/product"}],"version-history":[{"count":0,"href":"https:\/\/krajn.sk\/expo\/wp-json\/wp\/v2\/product\/11347\/revisions"}],"wp:featuredmedia":[{"embeddable":true,"href":"https:\/\/krajn.sk\/expo\/wp-json\/wp\/v2\/media\/11351"}],"wp:attachment":[{"href":"https:\/\/krajn.sk\/expo\/wp-json\/wp\/v2\/media?parent=11347"}],"wp:term":[{"taxonomy":"product_brand","embeddable":true,"href":"https:\/\/krajn.sk\/expo\/wp-json\/wp\/v2\/product_brand?post=11347"},{"taxonomy":"product_cat","embeddable":true,"href":"https:\/\/krajn.sk\/expo\/wp-json\/wp\/v2\/product_cat?post=11347"},{"taxonomy":"product_tag","embeddable":true,"href":"https:\/\/krajn.sk\/expo\/wp-json\/wp\/v2\/product_tag?post=11347"}],"curies":[{"name":"wp","href":"https:\/\/api.w.org\/{rel}","templated":true}]}}