{"id":12448,"date":"2022-04-14T01:41:03","date_gmt":"2022-04-13T23:41:03","guid":{"rendered":"https:\/\/krajn.sk\/expo\/?post_type=product&#038;p=12448"},"modified":"2023-03-25T23:03:55","modified_gmt":"2023-03-25T22:03:55","slug":"mramor-sf-obklad-30x75cm","status":"publish","type":"product","link":"https:\/\/krajn.sk\/expo\/sortiment\/obklady\/mramor-sf-obklad-30x75cm\/","title":{"rendered":"Mramor SF obklad 30&#215;7,5cm"},"content":{"rendered":"<p>Obkladov\u00fd p\u00e1sik z mramoru s obsahom kry\u0161t\u00e1likov, ktor\u00e9 p\u00f4sobia ve\u013emi elegantne. Tento kamenn\u00fd p\u00e1sik je ide\u00e1lny ako interi\u00e9rov\u00fd obklad na stenu v modernej architekt\u00fare. Materi\u00e1l je vhodn\u00fd na obkladanie stien v interi\u00e9ri ako aj v exteri\u00e9ri na obkladanie soklov, st\u013apov, plotov.<\/p>\n<p class=\"c716 c1335\">Mramor \u010dierny kamenn\u00fd obklad tehli\u010dka 30 x 7,5cm &#8211; 0739<\/p>\n<p class=\"c716 c1335\">Mramor \u017elt\u00fd kamenn\u00fd obklad 30 x 7,5cm hr.: 1,2-1,8cm &#8211; 0169<\/p>\n","protected":false},"excerpt":{"rendered":"<p>Kamenn\u00fd obklad na stenu do interi\u00e9ru, na fas\u00e1du, sokel alebo krb. Obklad je z pr\u00edrodn\u00e9ho kame\u0148a-mramoru rezan\u00fd na rozmer obkladovej tehli\u010dky.<\/p>\n","protected":false},"featured_media":12451,"template":"","meta":{"inline_featured_image":false,"site-sidebar-layout":"default","site-content-layout":"","ast-site-content-layout":"","site-content-style":"default","site-sidebar-style":"default","ast-global-header-display":"","ast-banner-title-visibility":"","ast-main-header-display":"","ast-hfb-above-header-display":"","ast-hfb-below-header-display":"","ast-hfb-mobile-header-display":"","site-post-title":"","ast-breadcrumbs-content":"","ast-featured-img":"","footer-sml-layout":"","theme-transparent-header-meta":"","adv-header-id-meta":"","stick-header-meta":"","header-above-stick-meta":"","header-main-stick-meta":"","header-below-stick-meta":"","astra-migrate-meta-layouts":"default","ast-page-background-enabled":"default","ast-page-background-meta":{"desktop":{"background-color":"var(--ast-global-color-4)","background-image":"","background-repeat":"repeat","background-position":"center center","background-size":"auto","background-attachment":"scroll","background-type":"","background-media":"","overlay-type":"","overlay-color":"","overlay-opacity":"","overlay-gradient":""},"tablet":{"background-color":"","background-image":"","background-repeat":"repeat","background-position":"center center","background-size":"auto","background-attachment":"scroll","background-type":"","background-media":"","overlay-type":"","overlay-color":"","overlay-opacity":"","overlay-gradient":""},"mobile":{"background-color":"","background-image":"","background-repeat":"repeat","background-position":"center center","background-size":"auto","background-attachment":"scroll","background-type":"","background-media":"","overlay-type":"","overlay-color":"","overlay-opacity":"","overlay-gradient":""}},"ast-content-background-meta":{"desktop":{"background-color":"var(--ast-global-color-5)","background-image":"","background-repeat":"repeat","background-position":"center center","background-size":"auto","background-attachment":"scroll","background-type":"","background-media":"","overlay-type":"","overlay-color":"","overlay-opacity":"","overlay-gradient":""},"tablet":{"background-color":"var(--ast-global-color-5)","background-image":"","background-repeat":"repeat","background-position":"center center","background-size":"auto","background-attachment":"scroll","background-type":"","background-media":"","overlay-type":"","overlay-color":"","overlay-opacity":"","overlay-gradient":""},"mobile":{"background-color":"var(--ast-global-color-5)","background-image":"","background-repeat":"repeat","background-position":"center center","background-size":"auto","background-attachment":"scroll","background-type":"","background-media":"","overlay-type":"","overlay-color":"","overlay-opacity":"","overlay-gradient":""}},"ngg_post_thumbnail":0},"product_brand":[],"product_cat":[206],"product_tag":[342],"class_list":{"0":"post-12448","1":"product","2":"type-product","3":"status-publish","4":"has-post-thumbnail","6":"product_cat-obklady","7":"product_tag-kamenta","8":"pa_dodavatelia-kamenta","9":"desktop-align-left","10":"tablet-align-left","11":"mobile-align-left","13":"first","14":"instock","15":"taxable","16":"shipping-taxable","17":"purchasable","18":"product-type-variable","19":"has-default-attributes"},"yoast_head":"<!-- This site is optimized with the Yoast SEO plugin v24.8.1 - https:\/\/yoast.com\/wordpress\/plugins\/seo\/ -->\n<title>Mramor SF obklad 30x7,5cm | Krajn Exp<\/title>\n<meta name=\"robots\" content=\"index, follow, max-snippet:-1, max-image-preview:large, max-video-preview:-1\" \/>\n<link rel=\"canonical\" href=\"https:\/\/krajn.sk\/expo\/sortiment\/obklady\/mramor-sf-obklad-30x75cm\/\" \/>\n<meta property=\"og:locale\" content=\"sk_SK\" \/>\n<meta property=\"og:type\" content=\"article\" \/>\n<meta property=\"og:title\" content=\"Mramor SF obklad 30x7,5cm | Krajn Exp\" \/>\n<meta property=\"og:description\" content=\"Kamenn\u00fd obklad na stenu do interi\u00e9ru, na fas\u00e1du, sokel alebo krb. Obklad je z pr\u00edrodn\u00e9ho kame\u0148a-mramoru rezan\u00fd na rozmer obkladovej tehli\u010dky.\" \/>\n<meta property=\"og:url\" content=\"https:\/\/krajn.sk\/expo\/sortiment\/obklady\/mramor-sf-obklad-30x75cm\/\" \/>\n<meta property=\"og:site_name\" content=\"Krajn Exp\" \/>\n<meta property=\"article:modified_time\" content=\"2023-03-25T22:03:55+00:00\" \/>\n<meta property=\"og:image\" content=\"https:\/\/krajn.sk\/expo\/wp-content\/uploads\/2022\/04\/mramor-sf-obklad-30x75-cierny.jpg\" \/>\n\t<meta property=\"og:image:width\" content=\"2074\" \/>\n\t<meta property=\"og:image:height\" content=\"1383\" \/>\n\t<meta property=\"og:image:type\" content=\"image\/jpeg\" \/>\n<meta name=\"twitter:card\" content=\"summary_large_image\" \/>\n<meta name=\"twitter:label1\" content=\"Predpokladan\u00fd \u010das \u010d\u00edtania\" \/>\n\t<meta name=\"twitter:data1\" content=\"1 min\u00fata\" \/>\n<script type=\"application\/ld+json\" class=\"yoast-schema-graph\">{\"@context\":\"https:\/\/schema.org\",\"@graph\":[{\"@type\":\"WebPage\",\"@id\":\"https:\/\/krajn.sk\/expo\/sortiment\/obklady\/mramor-sf-obklad-30x75cm\/\",\"url\":\"https:\/\/krajn.sk\/expo\/sortiment\/obklady\/mramor-sf-obklad-30x75cm\/\",\"name\":\"Mramor SF obklad 30x7,5cm | Krajn Exp\",\"isPartOf\":{\"@id\":\"https:\/\/krajn.sk\/expo\/#website\"},\"primaryImageOfPage\":{\"@id\":\"https:\/\/krajn.sk\/expo\/sortiment\/obklady\/mramor-sf-obklad-30x75cm\/#primaryimage\"},\"image\":{\"@id\":\"https:\/\/krajn.sk\/expo\/sortiment\/obklady\/mramor-sf-obklad-30x75cm\/#primaryimage\"},\"thumbnailUrl\":\"https:\/\/krajn.sk\/expo\/wp-content\/uploads\/2022\/04\/mramor-sf-obklad-30x75-cierny.jpg\",\"datePublished\":\"2022-04-13T23:41:03+00:00\",\"dateModified\":\"2023-03-25T22:03:55+00:00\",\"breadcrumb\":{\"@id\":\"https:\/\/krajn.sk\/expo\/sortiment\/obklady\/mramor-sf-obklad-30x75cm\/#breadcrumb\"},\"inLanguage\":\"sk-SK\",\"potentialAction\":[{\"@type\":\"ReadAction\",\"target\":[\"https:\/\/krajn.sk\/expo\/sortiment\/obklady\/mramor-sf-obklad-30x75cm\/\"]}]},{\"@type\":\"ImageObject\",\"inLanguage\":\"sk-SK\",\"@id\":\"https:\/\/krajn.sk\/expo\/sortiment\/obklady\/mramor-sf-obklad-30x75cm\/#primaryimage\",\"url\":\"https:\/\/krajn.sk\/expo\/wp-content\/uploads\/2022\/04\/mramor-sf-obklad-30x75-cierny.jpg\",\"contentUrl\":\"https:\/\/krajn.sk\/expo\/wp-content\/uploads\/2022\/04\/mramor-sf-obklad-30x75-cierny.jpg\",\"width\":2074,\"height\":1383},{\"@type\":\"BreadcrumbList\",\"@id\":\"https:\/\/krajn.sk\/expo\/sortiment\/obklady\/mramor-sf-obklad-30x75cm\/#breadcrumb\",\"itemListElement\":[{\"@type\":\"ListItem\",\"position\":1,\"name\":\"Home\",\"item\":\"https:\/\/krajn.sk\/expo\/\"},{\"@type\":\"ListItem\",\"position\":2,\"name\":\"Produkty\",\"item\":\"https:\/\/krajn.sk\/expo\/sortiment\/\"},{\"@type\":\"ListItem\",\"position\":3,\"name\":\"Mramor SF obklad 30&#215;7,5cm\"}]},{\"@type\":\"WebSite\",\"@id\":\"https:\/\/krajn.sk\/expo\/#website\",\"url\":\"https:\/\/krajn.sk\/expo\/\",\"name\":\"Krajn Exp\",\"description\":\"Va\u0161e stavebniny na kraji Stupavy!\",\"publisher\":{\"@id\":\"https:\/\/krajn.sk\/expo\/#organization\"},\"potentialAction\":[{\"@type\":\"SearchAction\",\"target\":{\"@type\":\"EntryPoint\",\"urlTemplate\":\"https:\/\/krajn.sk\/expo\/?s={search_term_string}\"},\"query-input\":{\"@type\":\"PropertyValueSpecification\",\"valueRequired\":true,\"valueName\":\"search_term_string\"}}],\"inLanguage\":\"sk-SK\"},{\"@type\":\"Organization\",\"@id\":\"https:\/\/krajn.sk\/expo\/#organization\",\"name\":\"Krajn Expo\",\"url\":\"https:\/\/krajn.sk\/expo\/\",\"logo\":{\"@type\":\"ImageObject\",\"inLanguage\":\"sk-SK\",\"@id\":\"https:\/\/krajn.sk\/expo\/#\/schema\/logo\/image\/\",\"url\":\"https:\/\/krajn.sk\/expo\/wp-content\/uploads\/2020\/03\/logo_expo_transparent.png\",\"contentUrl\":\"https:\/\/krajn.sk\/expo\/wp-content\/uploads\/2020\/03\/logo_expo_transparent.png\",\"width\":91,\"height\":105,\"caption\":\"Krajn Expo\"},\"image\":{\"@id\":\"https:\/\/krajn.sk\/expo\/#\/schema\/logo\/image\/\"}}]}<\/script>\n<!-- \/ Yoast SEO plugin. -->","yoast_head_json":{"title":"Mramor SF obklad 30x7,5cm | Krajn Exp","robots":{"index":"index","follow":"follow","max-snippet":"max-snippet:-1","max-image-preview":"max-image-preview:large","max-video-preview":"max-video-preview:-1"},"canonical":"https:\/\/krajn.sk\/expo\/sortiment\/obklady\/mramor-sf-obklad-30x75cm\/","og_locale":"sk_SK","og_type":"article","og_title":"Mramor SF obklad 30x7,5cm | Krajn Exp","og_description":"Kamenn\u00fd obklad na stenu do interi\u00e9ru, na fas\u00e1du, sokel alebo krb. Obklad je z pr\u00edrodn\u00e9ho kame\u0148a-mramoru rezan\u00fd na rozmer obkladovej tehli\u010dky.","og_url":"https:\/\/krajn.sk\/expo\/sortiment\/obklady\/mramor-sf-obklad-30x75cm\/","og_site_name":"Krajn Exp","article_modified_time":"2023-03-25T22:03:55+00:00","og_image":[{"width":2074,"height":1383,"url":"https:\/\/krajn.sk\/expo\/wp-content\/uploads\/2022\/04\/mramor-sf-obklad-30x75-cierny.jpg","type":"image\/jpeg"}],"twitter_card":"summary_large_image","twitter_misc":{"Predpokladan\u00fd \u010das \u010d\u00edtania":"1 min\u00fata"},"schema":{"@context":"https:\/\/schema.org","@graph":[{"@type":"WebPage","@id":"https:\/\/krajn.sk\/expo\/sortiment\/obklady\/mramor-sf-obklad-30x75cm\/","url":"https:\/\/krajn.sk\/expo\/sortiment\/obklady\/mramor-sf-obklad-30x75cm\/","name":"Mramor SF obklad 30x7,5cm | Krajn Exp","isPartOf":{"@id":"https:\/\/krajn.sk\/expo\/#website"},"primaryImageOfPage":{"@id":"https:\/\/krajn.sk\/expo\/sortiment\/obklady\/mramor-sf-obklad-30x75cm\/#primaryimage"},"image":{"@id":"https:\/\/krajn.sk\/expo\/sortiment\/obklady\/mramor-sf-obklad-30x75cm\/#primaryimage"},"thumbnailUrl":"https:\/\/krajn.sk\/expo\/wp-content\/uploads\/2022\/04\/mramor-sf-obklad-30x75-cierny.jpg","datePublished":"2022-04-13T23:41:03+00:00","dateModified":"2023-03-25T22:03:55+00:00","breadcrumb":{"@id":"https:\/\/krajn.sk\/expo\/sortiment\/obklady\/mramor-sf-obklad-30x75cm\/#breadcrumb"},"inLanguage":"sk-SK","potentialAction":[{"@type":"ReadAction","target":["https:\/\/krajn.sk\/expo\/sortiment\/obklady\/mramor-sf-obklad-30x75cm\/"]}]},{"@type":"ImageObject","inLanguage":"sk-SK","@id":"https:\/\/krajn.sk\/expo\/sortiment\/obklady\/mramor-sf-obklad-30x75cm\/#primaryimage","url":"https:\/\/krajn.sk\/expo\/wp-content\/uploads\/2022\/04\/mramor-sf-obklad-30x75-cierny.jpg","contentUrl":"https:\/\/krajn.sk\/expo\/wp-content\/uploads\/2022\/04\/mramor-sf-obklad-30x75-cierny.jpg","width":2074,"height":1383},{"@type":"BreadcrumbList","@id":"https:\/\/krajn.sk\/expo\/sortiment\/obklady\/mramor-sf-obklad-30x75cm\/#breadcrumb","itemListElement":[{"@type":"ListItem","position":1,"name":"Home","item":"https:\/\/krajn.sk\/expo\/"},{"@type":"ListItem","position":2,"name":"Produkty","item":"https:\/\/krajn.sk\/expo\/sortiment\/"},{"@type":"ListItem","position":3,"name":"Mramor SF obklad 30&#215;7,5cm"}]},{"@type":"WebSite","@id":"https:\/\/krajn.sk\/expo\/#website","url":"https:\/\/krajn.sk\/expo\/","name":"Krajn Exp","description":"Va\u0161e stavebniny na kraji Stupavy!","publisher":{"@id":"https:\/\/krajn.sk\/expo\/#organization"},"potentialAction":[{"@type":"SearchAction","target":{"@type":"EntryPoint","urlTemplate":"https:\/\/krajn.sk\/expo\/?s={search_term_string}"},"query-input":{"@type":"PropertyValueSpecification","valueRequired":true,"valueName":"search_term_string"}}],"inLanguage":"sk-SK"},{"@type":"Organization","@id":"https:\/\/krajn.sk\/expo\/#organization","name":"Krajn Expo","url":"https:\/\/krajn.sk\/expo\/","logo":{"@type":"ImageObject","inLanguage":"sk-SK","@id":"https:\/\/krajn.sk\/expo\/#\/schema\/logo\/image\/","url":"https:\/\/krajn.sk\/expo\/wp-content\/uploads\/2020\/03\/logo_expo_transparent.png","contentUrl":"https:\/\/krajn.sk\/expo\/wp-content\/uploads\/2020\/03\/logo_expo_transparent.png","width":91,"height":105,"caption":"Krajn Expo"},"image":{"@id":"https:\/\/krajn.sk\/expo\/#\/schema\/logo\/image\/"}}]}},"_links":{"self":[{"href":"https:\/\/krajn.sk\/expo\/wp-json\/wp\/v2\/product\/12448"}],"collection":[{"href":"https:\/\/krajn.sk\/expo\/wp-json\/wp\/v2\/product"}],"about":[{"href":"https:\/\/krajn.sk\/expo\/wp-json\/wp\/v2\/types\/product"}],"version-history":[{"count":0,"href":"https:\/\/krajn.sk\/expo\/wp-json\/wp\/v2\/product\/12448\/revisions"}],"wp:featuredmedia":[{"embeddable":true,"href":"https:\/\/krajn.sk\/expo\/wp-json\/wp\/v2\/media\/12451"}],"wp:attachment":[{"href":"https:\/\/krajn.sk\/expo\/wp-json\/wp\/v2\/media?parent=12448"}],"wp:term":[{"taxonomy":"product_brand","embeddable":true,"href":"https:\/\/krajn.sk\/expo\/wp-json\/wp\/v2\/product_brand?post=12448"},{"taxonomy":"product_cat","embeddable":true,"href":"https:\/\/krajn.sk\/expo\/wp-json\/wp\/v2\/product_cat?post=12448"},{"taxonomy":"product_tag","embeddable":true,"href":"https:\/\/krajn.sk\/expo\/wp-json\/wp\/v2\/product_tag?post=12448"}],"curies":[{"name":"wp","href":"https:\/\/api.w.org\/{rel}","templated":true}]}}