{"id":5968,"date":"2020-07-06T15:57:58","date_gmt":"2020-07-06T13:57:58","guid":{"rendered":"http:\/\/krajn.sk\/test\/?post_type=product&#038;p=5968"},"modified":"2023-03-23T22:32:04","modified_gmt":"2023-03-23T21:32:04","slug":"largo","status":"publish","type":"product","link":"https:\/\/krajn.sk\/expo\/sortiment\/dlazba-a-terasove-platne\/terasove-platne\/largo\/","title":{"rendered":"Largo"},"content":{"rendered":"<p>Farby d\u00e1vaj\u00fa vydl\u00e1\u017edenej ploche vlastn\u00fa charakteristick\u00fa zna\u010dku.<\/p>\n<p><strong>Largo 59,8 x 29,8<\/strong> cm je dostupn\u00e1 vo v\u0161etk\u00fdch vyobrazen\u00fdch farb\u00e1ch. Tento rozmer sa d\u00e1 objedna\u0165 aj s povrchovou ochranou <strong>Duoprotect DP60<\/strong>, za ktor\u00fa je pr\u00edplatok <strong>7.60\u20ac\/m\u00b2<\/strong>. Ak m\u00e1te z\u00e1ujem o DP60, pros\u00edm uve\u010fte to do pozn\u00e1mky pri odosielan\u00ed dopytu.<\/p>\n<p><strong>Largo 59,8 x 39,5<\/strong>&nbsp;cm dostupn\u00e1 iba ako siv\u00e1 \u017eulov\u00e1 tie\u0148ovan\u00e1, \u013eadovo siv\u00e1 tie\u0148ovan\u00e1, \u010dadi\u010d tie\u0148ovan\u00fd, v\u00e1penec tie\u0148ovan\u00fd, v\u00e1penec last\u00farnikov\u00fd<\/p>\n<p><strong>Largo 59,8 x 59,8<\/strong> cm dostupn\u00e1 iba ako siv\u00e1 \u017eulov\u00e1 tie\u0148ovan\u00e1, v\u00e1penec tie\u0148ovan\u00fd, v\u00e1penec last\u00farnikov\u00fd, \u010dadi\u010d tie\u0148ovan\u00fd, \u013eadovo siv\u00e1 tie\u0148ovan\u00e1 a platina tie\u0148ovan\u00e1 ako aj vo variantoch s u\u0161\u013eachtil\u00fdm kamenivom<\/p>\n<p><strong>Largo 89,8 x 59,8<\/strong> cm dostupn\u00e1 iba ako siv\u00e1 \u017eulov\u00e1 tie\u0148ovan\u00e1, \u010dadi\u010d tie\u0148ovan\u00fd a \u013eadovo siv\u00e1 tie\u0148ovan\u00e1<\/p>\n<ul class=\"datalisting\">\n<li>Duoprotect DP30<\/li>\n<li>obvodov\u00e1 fazeta<\/li>\n<li>di\u0161tan\u010dn\u00e9 prvky na 2 stran\u00e1ch<\/li>\n<li>odoln\u00e9 vo\u010di mrazu a posypovej soli<\/li>\n<li>zv\u00fd\u0161en\u00e1 odolnos\u0165 vo\u010di odieraniu<\/li>\n<li>iba poch\u00f4dzna<\/li>\n<li>form\u00e1ty mo\u017eno doda\u0165 <strong>jednotlivo<\/strong><\/li>\n<\/ul>\n<p>&nbsp;<\/p>\n<p>Pri odbere neucelenej polovi\u010dnej palety sa \u00fa\u010dtuje <strong>poplatok 14.80\u20ac<\/strong><\/p>\n","protected":false},"excerpt":{"rendered":"<p>Podlahov\u00e1 doska Largo perfektne dop\u013a\u0148a moderne upraven\u00e9 vonkaj\u0161ie priestory. Ve\u013ek\u00fdmi rozmermi sa optim\u00e1lne hod\u00ed do umeleck\u00e9ho stv\u00e1rnenia dobovej architekt\u00fary a podma\u0148uje si ju svojimi trendov\u00fdmi farebn\u00fdmi odtie\u0148mi.<\/p>\n","protected":false},"featured_media":6433,"template":"","meta":{"inline_featured_image":false,"site-sidebar-layout":"default","site-content-layout":"","ast-site-content-layout":"","site-content-style":"default","site-sidebar-style":"default","ast-global-header-display":"","ast-banner-title-visibility":"","ast-main-header-display":"","ast-hfb-above-header-display":"","ast-hfb-below-header-display":"","ast-hfb-mobile-header-display":"","site-post-title":"","ast-breadcrumbs-content":"","ast-featured-img":"","footer-sml-layout":"","theme-transparent-header-meta":"","adv-header-id-meta":"","stick-header-meta":"","header-above-stick-meta":"","header-main-stick-meta":"","header-below-stick-meta":"","astra-migrate-meta-layouts":"default","ast-page-background-enabled":"default","ast-page-background-meta":{"desktop":{"background-color":"var(--ast-global-color-4)","background-image":"","background-repeat":"repeat","background-position":"center center","background-size":"auto","background-attachment":"scroll","background-type":"","background-media":"","overlay-type":"","overlay-color":"","overlay-opacity":"","overlay-gradient":""},"tablet":{"background-color":"","background-image":"","background-repeat":"repeat","background-position":"center center","background-size":"auto","background-attachment":"scroll","background-type":"","background-media":"","overlay-type":"","overlay-color":"","overlay-opacity":"","overlay-gradient":""},"mobile":{"background-color":"","background-image":"","background-repeat":"repeat","background-position":"center center","background-size":"auto","background-attachment":"scroll","background-type":"","background-media":"","overlay-type":"","overlay-color":"","overlay-opacity":"","overlay-gradient":""}},"ast-content-background-meta":{"desktop":{"background-color":"var(--ast-global-color-5)","background-image":"","background-repeat":"repeat","background-position":"center center","background-size":"auto","background-attachment":"scroll","background-type":"","background-media":"","overlay-type":"","overlay-color":"","overlay-opacity":"","overlay-gradient":""},"tablet":{"background-color":"var(--ast-global-color-5)","background-image":"","background-repeat":"repeat","background-position":"center center","background-size":"auto","background-attachment":"scroll","background-type":"","background-media":"","overlay-type":"","overlay-color":"","overlay-opacity":"","overlay-gradient":""},"mobile":{"background-color":"var(--ast-global-color-5)","background-image":"","background-repeat":"repeat","background-position":"center center","background-size":"auto","background-attachment":"scroll","background-type":"","background-media":"","overlay-type":"","overlay-color":"","overlay-opacity":"","overlay-gradient":""}},"ngg_post_thumbnail":0},"product_brand":[],"product_cat":[272],"product_tag":[157],"class_list":{"0":"post-5968","1":"product","2":"type-product","3":"status-publish","4":"has-post-thumbnail","6":"product_cat-terasove-platne","7":"product_tag-friedl","8":"pa_dodavatelia-friedl","9":"desktop-align-left","10":"tablet-align-left","11":"mobile-align-left","13":"first","14":"instock","15":"taxable","16":"shipping-taxable","17":"purchasable","18":"product-type-variable"},"yoast_head":"<!-- This site is optimized with the Yoast SEO plugin v24.8.1 - https:\/\/yoast.com\/wordpress\/plugins\/seo\/ -->\n<title>Largo | Krajn Exp<\/title>\n<meta name=\"robots\" content=\"index, follow, max-snippet:-1, max-image-preview:large, max-video-preview:-1\" \/>\n<link rel=\"canonical\" href=\"https:\/\/krajn.sk\/expo\/sortiment\/dlazba-a-terasove-platne\/terasove-platne\/largo\/\" \/>\n<meta property=\"og:locale\" content=\"sk_SK\" \/>\n<meta property=\"og:type\" content=\"article\" \/>\n<meta property=\"og:title\" content=\"Largo | Krajn Exp\" \/>\n<meta property=\"og:description\" content=\"Podlahov\u00e1 doska Largo perfektne dop\u013a\u0148a moderne upraven\u00e9 vonkaj\u0161ie priestory. Ve\u013ek\u00fdmi rozmermi sa optim\u00e1lne hod\u00ed do umeleck\u00e9ho stv\u00e1rnenia dobovej architekt\u00fary a podma\u0148uje si ju svojimi trendov\u00fdmi farebn\u00fdmi odtie\u0148mi.\" \/>\n<meta property=\"og:url\" content=\"https:\/\/krajn.sk\/expo\/sortiment\/dlazba-a-terasove-platne\/terasove-platne\/largo\/\" \/>\n<meta property=\"og:site_name\" content=\"Krajn Exp\" \/>\n<meta property=\"article:modified_time\" content=\"2023-03-23T21:32:04+00:00\" \/>\n<meta property=\"og:image\" content=\"https:\/\/krajn.sk\/expo\/wp-content\/uploads\/2020\/12\/largo5.jpg\" \/>\n\t<meta property=\"og:image:width\" content=\"500\" \/>\n\t<meta property=\"og:image:height\" content=\"500\" \/>\n\t<meta property=\"og:image:type\" content=\"image\/jpeg\" \/>\n<meta name=\"twitter:card\" content=\"summary_large_image\" \/>\n<meta name=\"twitter:label1\" content=\"Predpokladan\u00fd \u010das \u010d\u00edtania\" \/>\n\t<meta name=\"twitter:data1\" content=\"1 min\u00fata\" \/>\n<script type=\"application\/ld+json\" class=\"yoast-schema-graph\">{\"@context\":\"https:\/\/schema.org\",\"@graph\":[{\"@type\":\"WebPage\",\"@id\":\"https:\/\/krajn.sk\/expo\/sortiment\/dlazba-a-terasove-platne\/terasove-platne\/largo\/\",\"url\":\"https:\/\/krajn.sk\/expo\/sortiment\/dlazba-a-terasove-platne\/terasove-platne\/largo\/\",\"name\":\"Largo | Krajn Exp\",\"isPartOf\":{\"@id\":\"https:\/\/krajn.sk\/expo\/#website\"},\"primaryImageOfPage\":{\"@id\":\"https:\/\/krajn.sk\/expo\/sortiment\/dlazba-a-terasove-platne\/terasove-platne\/largo\/#primaryimage\"},\"image\":{\"@id\":\"https:\/\/krajn.sk\/expo\/sortiment\/dlazba-a-terasove-platne\/terasove-platne\/largo\/#primaryimage\"},\"thumbnailUrl\":\"https:\/\/krajn.sk\/expo\/wp-content\/uploads\/2020\/12\/largo5.jpg\",\"datePublished\":\"2020-07-06T13:57:58+00:00\",\"dateModified\":\"2023-03-23T21:32:04+00:00\",\"breadcrumb\":{\"@id\":\"https:\/\/krajn.sk\/expo\/sortiment\/dlazba-a-terasove-platne\/terasove-platne\/largo\/#breadcrumb\"},\"inLanguage\":\"sk-SK\",\"potentialAction\":[{\"@type\":\"ReadAction\",\"target\":[\"https:\/\/krajn.sk\/expo\/sortiment\/dlazba-a-terasove-platne\/terasove-platne\/largo\/\"]}]},{\"@type\":\"ImageObject\",\"inLanguage\":\"sk-SK\",\"@id\":\"https:\/\/krajn.sk\/expo\/sortiment\/dlazba-a-terasove-platne\/terasove-platne\/largo\/#primaryimage\",\"url\":\"https:\/\/krajn.sk\/expo\/wp-content\/uploads\/2020\/12\/largo5.jpg\",\"contentUrl\":\"https:\/\/krajn.sk\/expo\/wp-content\/uploads\/2020\/12\/largo5.jpg\",\"width\":500,\"height\":500},{\"@type\":\"BreadcrumbList\",\"@id\":\"https:\/\/krajn.sk\/expo\/sortiment\/dlazba-a-terasove-platne\/terasove-platne\/largo\/#breadcrumb\",\"itemListElement\":[{\"@type\":\"ListItem\",\"position\":1,\"name\":\"Home\",\"item\":\"https:\/\/krajn.sk\/expo\/\"},{\"@type\":\"ListItem\",\"position\":2,\"name\":\"Produkty\",\"item\":\"https:\/\/krajn.sk\/expo\/sortiment\/\"},{\"@type\":\"ListItem\",\"position\":3,\"name\":\"Largo\"}]},{\"@type\":\"WebSite\",\"@id\":\"https:\/\/krajn.sk\/expo\/#website\",\"url\":\"https:\/\/krajn.sk\/expo\/\",\"name\":\"Krajn Exp\",\"description\":\"Va\u0161e stavebniny na kraji Stupavy!\",\"publisher\":{\"@id\":\"https:\/\/krajn.sk\/expo\/#organization\"},\"potentialAction\":[{\"@type\":\"SearchAction\",\"target\":{\"@type\":\"EntryPoint\",\"urlTemplate\":\"https:\/\/krajn.sk\/expo\/?s={search_term_string}\"},\"query-input\":{\"@type\":\"PropertyValueSpecification\",\"valueRequired\":true,\"valueName\":\"search_term_string\"}}],\"inLanguage\":\"sk-SK\"},{\"@type\":\"Organization\",\"@id\":\"https:\/\/krajn.sk\/expo\/#organization\",\"name\":\"Krajn Expo\",\"url\":\"https:\/\/krajn.sk\/expo\/\",\"logo\":{\"@type\":\"ImageObject\",\"inLanguage\":\"sk-SK\",\"@id\":\"https:\/\/krajn.sk\/expo\/#\/schema\/logo\/image\/\",\"url\":\"https:\/\/krajn.sk\/expo\/wp-content\/uploads\/2020\/03\/logo_expo_transparent.png\",\"contentUrl\":\"https:\/\/krajn.sk\/expo\/wp-content\/uploads\/2020\/03\/logo_expo_transparent.png\",\"width\":91,\"height\":105,\"caption\":\"Krajn Expo\"},\"image\":{\"@id\":\"https:\/\/krajn.sk\/expo\/#\/schema\/logo\/image\/\"}}]}<\/script>\n<!-- \/ Yoast SEO plugin. -->","yoast_head_json":{"title":"Largo | Krajn Exp","robots":{"index":"index","follow":"follow","max-snippet":"max-snippet:-1","max-image-preview":"max-image-preview:large","max-video-preview":"max-video-preview:-1"},"canonical":"https:\/\/krajn.sk\/expo\/sortiment\/dlazba-a-terasove-platne\/terasove-platne\/largo\/","og_locale":"sk_SK","og_type":"article","og_title":"Largo | Krajn Exp","og_description":"Podlahov\u00e1 doska Largo perfektne dop\u013a\u0148a moderne upraven\u00e9 vonkaj\u0161ie priestory. Ve\u013ek\u00fdmi rozmermi sa optim\u00e1lne hod\u00ed do umeleck\u00e9ho stv\u00e1rnenia dobovej architekt\u00fary a podma\u0148uje si ju svojimi trendov\u00fdmi farebn\u00fdmi odtie\u0148mi.","og_url":"https:\/\/krajn.sk\/expo\/sortiment\/dlazba-a-terasove-platne\/terasove-platne\/largo\/","og_site_name":"Krajn Exp","article_modified_time":"2023-03-23T21:32:04+00:00","og_image":[{"width":500,"height":500,"url":"https:\/\/krajn.sk\/expo\/wp-content\/uploads\/2020\/12\/largo5.jpg","type":"image\/jpeg"}],"twitter_card":"summary_large_image","twitter_misc":{"Predpokladan\u00fd \u010das \u010d\u00edtania":"1 min\u00fata"},"schema":{"@context":"https:\/\/schema.org","@graph":[{"@type":"WebPage","@id":"https:\/\/krajn.sk\/expo\/sortiment\/dlazba-a-terasove-platne\/terasove-platne\/largo\/","url":"https:\/\/krajn.sk\/expo\/sortiment\/dlazba-a-terasove-platne\/terasove-platne\/largo\/","name":"Largo | Krajn Exp","isPartOf":{"@id":"https:\/\/krajn.sk\/expo\/#website"},"primaryImageOfPage":{"@id":"https:\/\/krajn.sk\/expo\/sortiment\/dlazba-a-terasove-platne\/terasove-platne\/largo\/#primaryimage"},"image":{"@id":"https:\/\/krajn.sk\/expo\/sortiment\/dlazba-a-terasove-platne\/terasove-platne\/largo\/#primaryimage"},"thumbnailUrl":"https:\/\/krajn.sk\/expo\/wp-content\/uploads\/2020\/12\/largo5.jpg","datePublished":"2020-07-06T13:57:58+00:00","dateModified":"2023-03-23T21:32:04+00:00","breadcrumb":{"@id":"https:\/\/krajn.sk\/expo\/sortiment\/dlazba-a-terasove-platne\/terasove-platne\/largo\/#breadcrumb"},"inLanguage":"sk-SK","potentialAction":[{"@type":"ReadAction","target":["https:\/\/krajn.sk\/expo\/sortiment\/dlazba-a-terasove-platne\/terasove-platne\/largo\/"]}]},{"@type":"ImageObject","inLanguage":"sk-SK","@id":"https:\/\/krajn.sk\/expo\/sortiment\/dlazba-a-terasove-platne\/terasove-platne\/largo\/#primaryimage","url":"https:\/\/krajn.sk\/expo\/wp-content\/uploads\/2020\/12\/largo5.jpg","contentUrl":"https:\/\/krajn.sk\/expo\/wp-content\/uploads\/2020\/12\/largo5.jpg","width":500,"height":500},{"@type":"BreadcrumbList","@id":"https:\/\/krajn.sk\/expo\/sortiment\/dlazba-a-terasove-platne\/terasove-platne\/largo\/#breadcrumb","itemListElement":[{"@type":"ListItem","position":1,"name":"Home","item":"https:\/\/krajn.sk\/expo\/"},{"@type":"ListItem","position":2,"name":"Produkty","item":"https:\/\/krajn.sk\/expo\/sortiment\/"},{"@type":"ListItem","position":3,"name":"Largo"}]},{"@type":"WebSite","@id":"https:\/\/krajn.sk\/expo\/#website","url":"https:\/\/krajn.sk\/expo\/","name":"Krajn Exp","description":"Va\u0161e stavebniny na kraji Stupavy!","publisher":{"@id":"https:\/\/krajn.sk\/expo\/#organization"},"potentialAction":[{"@type":"SearchAction","target":{"@type":"EntryPoint","urlTemplate":"https:\/\/krajn.sk\/expo\/?s={search_term_string}"},"query-input":{"@type":"PropertyValueSpecification","valueRequired":true,"valueName":"search_term_string"}}],"inLanguage":"sk-SK"},{"@type":"Organization","@id":"https:\/\/krajn.sk\/expo\/#organization","name":"Krajn Expo","url":"https:\/\/krajn.sk\/expo\/","logo":{"@type":"ImageObject","inLanguage":"sk-SK","@id":"https:\/\/krajn.sk\/expo\/#\/schema\/logo\/image\/","url":"https:\/\/krajn.sk\/expo\/wp-content\/uploads\/2020\/03\/logo_expo_transparent.png","contentUrl":"https:\/\/krajn.sk\/expo\/wp-content\/uploads\/2020\/03\/logo_expo_transparent.png","width":91,"height":105,"caption":"Krajn Expo"},"image":{"@id":"https:\/\/krajn.sk\/expo\/#\/schema\/logo\/image\/"}}]}},"_links":{"self":[{"href":"https:\/\/krajn.sk\/expo\/wp-json\/wp\/v2\/product\/5968"}],"collection":[{"href":"https:\/\/krajn.sk\/expo\/wp-json\/wp\/v2\/product"}],"about":[{"href":"https:\/\/krajn.sk\/expo\/wp-json\/wp\/v2\/types\/product"}],"version-history":[{"count":1,"href":"https:\/\/krajn.sk\/expo\/wp-json\/wp\/v2\/product\/5968\/revisions"}],"predecessor-version":[{"id":6430,"href":"https:\/\/krajn.sk\/expo\/wp-json\/wp\/v2\/product\/5968\/revisions\/6430"}],"wp:featuredmedia":[{"embeddable":true,"href":"https:\/\/krajn.sk\/expo\/wp-json\/wp\/v2\/media\/6433"}],"wp:attachment":[{"href":"https:\/\/krajn.sk\/expo\/wp-json\/wp\/v2\/media?parent=5968"}],"wp:term":[{"taxonomy":"product_brand","embeddable":true,"href":"https:\/\/krajn.sk\/expo\/wp-json\/wp\/v2\/product_brand?post=5968"},{"taxonomy":"product_cat","embeddable":true,"href":"https:\/\/krajn.sk\/expo\/wp-json\/wp\/v2\/product_cat?post=5968"},{"taxonomy":"product_tag","embeddable":true,"href":"https:\/\/krajn.sk\/expo\/wp-json\/wp\/v2\/product_tag?post=5968"}],"curies":[{"name":"wp","href":"https:\/\/api.w.org\/{rel}","templated":true}]}}