{"id":6030,"date":"2020-07-21T15:24:42","date_gmt":"2020-07-21T13:24:42","guid":{"rendered":"http:\/\/krajn.sk\/test\/?post_type=product&#038;p=6030"},"modified":"2023-01-14T22:38:45","modified_gmt":"2023-01-14T21:38:45","slug":"alterno","status":"publish","type":"product","link":"https:\/\/krajn.sk\/expo\/sortiment\/dlazba-a-terasove-platne\/betonova-dlazba\/alterno\/","title":{"rendered":"Alterno"},"content":{"rendered":"<p>V tomto p\u0159\u00edpad\u011b skladebnou jednotku tvo\u0159\u00ed t\u0159i kameny o v\u00fd\u0161ce 80 mm, kter\u00e9 nelze zakoupit samostatn\u011b. V nab\u00eddce je Alterno I a Alterno III, p\u0159i\u010dem\u017e hlavn\u00ed rozd\u00edl mezi t\u011bmito variantami je ve velikosti kamen\u016f. Dla\u017eba Alterno I se vyr\u00e1b\u00ed i ve v\u00fd\u0161ce 60 mm. K dispozici jsou tyto dla\u017eby v hladk\u00e9 a tryskano-kart\u00e1\u010dovan\u00e9 povrchov\u00e9 \u00faprav\u011b.<\/p>\n<p>Niektor\u00e9 farby s\u00fa k dispoz\u00edcii aj s \u00fapravou PCT.<\/p>\n<h4>Alterno I<\/h4>\n<p><img fetchpriority=\"high\" decoding=\"async\" class=\"alignnone size-medium wp-image-7026\" src=\"http:\/\/krajn.sk\/expo\/wp-content\/uploads\/2021\/01\/alterno1-300x300.jpg\" alt=\"\" width=\"300\" height=\"300\" srcset=\"https:\/\/krajn.sk\/expo\/wp-content\/uploads\/2021\/01\/alterno1-300x300.jpg 300w, https:\/\/krajn.sk\/expo\/wp-content\/uploads\/2021\/01\/alterno1-100x100.jpg 100w, https:\/\/krajn.sk\/expo\/wp-content\/uploads\/2021\/01\/alterno1-150x150.jpg 150w, https:\/\/krajn.sk\/expo\/wp-content\/uploads\/2021\/01\/alterno1.jpg 373w\" sizes=\"(max-width: 300px) 100vw, 300px\" \/><\/p>\n<p>Rozmery &#8211; 30\/22,5\/15 x 15\/15\/15<\/p>\n<p>Dostupn\u00e9 v hr\u00fabke 6 a 8 cm<\/p>\n<h4>Alterno III<\/h4>\n<p><img decoding=\"async\" class=\"alignnone size-medium wp-image-7027\" src=\"http:\/\/krajn.sk\/expo\/wp-content\/uploads\/2021\/01\/alterno3-300x300.jpg\" alt=\"\" width=\"300\" height=\"300\" srcset=\"https:\/\/krajn.sk\/expo\/wp-content\/uploads\/2021\/01\/alterno3-300x300.jpg 300w, https:\/\/krajn.sk\/expo\/wp-content\/uploads\/2021\/01\/alterno3-100x100.jpg 100w, https:\/\/krajn.sk\/expo\/wp-content\/uploads\/2021\/01\/alterno3-150x150.jpg 150w, https:\/\/krajn.sk\/expo\/wp-content\/uploads\/2021\/01\/alterno3.jpg 373w\" sizes=\"(max-width: 300px) 100vw, 300px\" \/><\/p>\n<p>Rozmery &#8211; 60\/45\/30 x 30\/30\/30 cm<\/p>\n<p>Dostupn\u00e9 v hr\u00fabke 8 cm<\/p>\n<p>&nbsp;<\/p>\n<p>Pri odbere neucelenej palety sa \u00fa\u010dtuje <strong>poplatok za rozbalenie 10\u20ac<\/strong><\/p>\n<p>dla\u017eby hr\u00fabky 8cm &#8211; <strong>8,64 m\u00b2\/vrstva<\/strong><\/p>\n<p>dla\u017eba hr\u00fabky 6cm &#8211; <strong>10,80 m\u00b2\/vrstva<\/strong><\/p>\n","protected":false},"excerpt":{"rendered":"<p>Dal\u0161\u00ed z \u0159ady dla\u017eeb, kter\u00e9 na vydl\u00e1\u017ed\u011bn\u00e9 plo\u0161e kombinuj\u00ed n\u011bkolik rozm\u011brov\u011b r\u016fzn\u00fdch kamen\u016f. &nbsp;Dla\u017eba je ur\u010dena pro pochoz\u00ed plochy a m\u00edsta s ob\u010dasn\u00fdm pojezdem osobn\u00edch automobil\u016f. Je mrazuvzdorn\u00e1.<\/p>\n","protected":false},"featured_media":7025,"template":"","meta":{"inline_featured_image":false,"site-sidebar-layout":"default","site-content-layout":"","ast-site-content-layout":"","site-content-style":"default","site-sidebar-style":"default","ast-global-header-display":"","ast-banner-title-visibility":"","ast-main-header-display":"","ast-hfb-above-header-display":"","ast-hfb-below-header-display":"","ast-hfb-mobile-header-display":"","site-post-title":"","ast-breadcrumbs-content":"","ast-featured-img":"","footer-sml-layout":"","theme-transparent-header-meta":"","adv-header-id-meta":"","stick-header-meta":"","header-above-stick-meta":"","header-main-stick-meta":"","header-below-stick-meta":"","astra-migrate-meta-layouts":"default","ast-page-background-enabled":"default","ast-page-background-meta":{"desktop":{"background-color":"var(--ast-global-color-4)","background-image":"","background-repeat":"repeat","background-position":"center center","background-size":"auto","background-attachment":"scroll","background-type":"","background-media":"","overlay-type":"","overlay-color":"","overlay-opacity":"","overlay-gradient":""},"tablet":{"background-color":"","background-image":"","background-repeat":"repeat","background-position":"center center","background-size":"auto","background-attachment":"scroll","background-type":"","background-media":"","overlay-type":"","overlay-color":"","overlay-opacity":"","overlay-gradient":""},"mobile":{"background-color":"","background-image":"","background-repeat":"repeat","background-position":"center center","background-size":"auto","background-attachment":"scroll","background-type":"","background-media":"","overlay-type":"","overlay-color":"","overlay-opacity":"","overlay-gradient":""}},"ast-content-background-meta":{"desktop":{"background-color":"var(--ast-global-color-5)","background-image":"","background-repeat":"repeat","background-position":"center center","background-size":"auto","background-attachment":"scroll","background-type":"","background-media":"","overlay-type":"","overlay-color":"","overlay-opacity":"","overlay-gradient":""},"tablet":{"background-color":"var(--ast-global-color-5)","background-image":"","background-repeat":"repeat","background-position":"center center","background-size":"auto","background-attachment":"scroll","background-type":"","background-media":"","overlay-type":"","overlay-color":"","overlay-opacity":"","overlay-gradient":""},"mobile":{"background-color":"var(--ast-global-color-5)","background-image":"","background-repeat":"repeat","background-position":"center center","background-size":"auto","background-attachment":"scroll","background-type":"","background-media":"","overlay-type":"","overlay-color":"","overlay-opacity":"","overlay-gradient":""}},"ngg_post_thumbnail":0},"product_brand":[],"product_cat":[232],"product_tag":[335],"class_list":{"0":"post-6030","1":"product","2":"type-product","3":"status-publish","4":"has-post-thumbnail","6":"product_cat-betonova-dlazba","7":"product_tag-presbeton","8":"pa_dodavatelia-presbeton","9":"desktop-align-left","10":"tablet-align-left","11":"mobile-align-left","13":"first","14":"instock","15":"taxable","16":"shipping-taxable","17":"purchasable","18":"product-type-variable","19":"has-default-attributes"},"yoast_head":"<!-- This site is optimized with the Yoast SEO plugin v24.8.1 - https:\/\/yoast.com\/wordpress\/plugins\/seo\/ -->\n<title>Alterno | Krajn Exp<\/title>\n<meta name=\"robots\" content=\"index, follow, max-snippet:-1, max-image-preview:large, max-video-preview:-1\" \/>\n<link rel=\"canonical\" href=\"https:\/\/krajn.sk\/expo\/sortiment\/dlazba-a-terasove-platne\/betonova-dlazba\/alterno\/\" \/>\n<meta property=\"og:locale\" content=\"sk_SK\" \/>\n<meta property=\"og:type\" content=\"article\" \/>\n<meta property=\"og:title\" content=\"Alterno | Krajn Exp\" \/>\n<meta property=\"og:description\" content=\"Dal\u0161\u00ed z \u0159ady dla\u017eeb, kter\u00e9 na vydl\u00e1\u017ed\u011bn\u00e9 plo\u0161e kombinuj\u00ed n\u011bkolik rozm\u011brov\u011b r\u016fzn\u00fdch kamen\u016f. &nbsp;Dla\u017eba je ur\u010dena pro pochoz\u00ed plochy a m\u00edsta s ob\u010dasn\u00fdm pojezdem osobn\u00edch automobil\u016f. Je mrazuvzdorn\u00e1.\" \/>\n<meta property=\"og:url\" content=\"https:\/\/krajn.sk\/expo\/sortiment\/dlazba-a-terasove-platne\/betonova-dlazba\/alterno\/\" \/>\n<meta property=\"og:site_name\" content=\"Krajn Exp\" \/>\n<meta property=\"article:modified_time\" content=\"2023-01-14T21:38:45+00:00\" \/>\n<meta property=\"og:image\" content=\"https:\/\/krajn.sk\/expo\/wp-content\/uploads\/2021\/01\/alterno.jpg\" \/>\n\t<meta property=\"og:image:width\" content=\"993\" \/>\n\t<meta property=\"og:image:height\" content=\"1500\" \/>\n\t<meta property=\"og:image:type\" content=\"image\/jpeg\" \/>\n<meta name=\"twitter:card\" content=\"summary_large_image\" \/>\n<meta name=\"twitter:label1\" content=\"Predpokladan\u00fd \u010das \u010d\u00edtania\" \/>\n\t<meta name=\"twitter:data1\" content=\"1 min\u00fata\" \/>\n<script type=\"application\/ld+json\" class=\"yoast-schema-graph\">{\"@context\":\"https:\/\/schema.org\",\"@graph\":[{\"@type\":\"WebPage\",\"@id\":\"https:\/\/krajn.sk\/expo\/sortiment\/dlazba-a-terasove-platne\/betonova-dlazba\/alterno\/\",\"url\":\"https:\/\/krajn.sk\/expo\/sortiment\/dlazba-a-terasove-platne\/betonova-dlazba\/alterno\/\",\"name\":\"Alterno | Krajn Exp\",\"isPartOf\":{\"@id\":\"https:\/\/krajn.sk\/expo\/#website\"},\"primaryImageOfPage\":{\"@id\":\"https:\/\/krajn.sk\/expo\/sortiment\/dlazba-a-terasove-platne\/betonova-dlazba\/alterno\/#primaryimage\"},\"image\":{\"@id\":\"https:\/\/krajn.sk\/expo\/sortiment\/dlazba-a-terasove-platne\/betonova-dlazba\/alterno\/#primaryimage\"},\"thumbnailUrl\":\"https:\/\/krajn.sk\/expo\/wp-content\/uploads\/2021\/01\/alterno.jpg\",\"datePublished\":\"2020-07-21T13:24:42+00:00\",\"dateModified\":\"2023-01-14T21:38:45+00:00\",\"breadcrumb\":{\"@id\":\"https:\/\/krajn.sk\/expo\/sortiment\/dlazba-a-terasove-platne\/betonova-dlazba\/alterno\/#breadcrumb\"},\"inLanguage\":\"sk-SK\",\"potentialAction\":[{\"@type\":\"ReadAction\",\"target\":[\"https:\/\/krajn.sk\/expo\/sortiment\/dlazba-a-terasove-platne\/betonova-dlazba\/alterno\/\"]}]},{\"@type\":\"ImageObject\",\"inLanguage\":\"sk-SK\",\"@id\":\"https:\/\/krajn.sk\/expo\/sortiment\/dlazba-a-terasove-platne\/betonova-dlazba\/alterno\/#primaryimage\",\"url\":\"https:\/\/krajn.sk\/expo\/wp-content\/uploads\/2021\/01\/alterno.jpg\",\"contentUrl\":\"https:\/\/krajn.sk\/expo\/wp-content\/uploads\/2021\/01\/alterno.jpg\",\"width\":993,\"height\":1500},{\"@type\":\"BreadcrumbList\",\"@id\":\"https:\/\/krajn.sk\/expo\/sortiment\/dlazba-a-terasove-platne\/betonova-dlazba\/alterno\/#breadcrumb\",\"itemListElement\":[{\"@type\":\"ListItem\",\"position\":1,\"name\":\"Home\",\"item\":\"https:\/\/krajn.sk\/expo\/\"},{\"@type\":\"ListItem\",\"position\":2,\"name\":\"Produkty\",\"item\":\"https:\/\/krajn.sk\/expo\/sortiment\/\"},{\"@type\":\"ListItem\",\"position\":3,\"name\":\"Alterno\"}]},{\"@type\":\"WebSite\",\"@id\":\"https:\/\/krajn.sk\/expo\/#website\",\"url\":\"https:\/\/krajn.sk\/expo\/\",\"name\":\"Krajn Exp\",\"description\":\"Va\u0161e stavebniny na kraji Stupavy!\",\"publisher\":{\"@id\":\"https:\/\/krajn.sk\/expo\/#organization\"},\"potentialAction\":[{\"@type\":\"SearchAction\",\"target\":{\"@type\":\"EntryPoint\",\"urlTemplate\":\"https:\/\/krajn.sk\/expo\/?s={search_term_string}\"},\"query-input\":{\"@type\":\"PropertyValueSpecification\",\"valueRequired\":true,\"valueName\":\"search_term_string\"}}],\"inLanguage\":\"sk-SK\"},{\"@type\":\"Organization\",\"@id\":\"https:\/\/krajn.sk\/expo\/#organization\",\"name\":\"Krajn Expo\",\"url\":\"https:\/\/krajn.sk\/expo\/\",\"logo\":{\"@type\":\"ImageObject\",\"inLanguage\":\"sk-SK\",\"@id\":\"https:\/\/krajn.sk\/expo\/#\/schema\/logo\/image\/\",\"url\":\"https:\/\/krajn.sk\/expo\/wp-content\/uploads\/2020\/03\/logo_expo_transparent.png\",\"contentUrl\":\"https:\/\/krajn.sk\/expo\/wp-content\/uploads\/2020\/03\/logo_expo_transparent.png\",\"width\":91,\"height\":105,\"caption\":\"Krajn Expo\"},\"image\":{\"@id\":\"https:\/\/krajn.sk\/expo\/#\/schema\/logo\/image\/\"}}]}<\/script>\n<!-- \/ Yoast SEO plugin. -->","yoast_head_json":{"title":"Alterno | Krajn Exp","robots":{"index":"index","follow":"follow","max-snippet":"max-snippet:-1","max-image-preview":"max-image-preview:large","max-video-preview":"max-video-preview:-1"},"canonical":"https:\/\/krajn.sk\/expo\/sortiment\/dlazba-a-terasove-platne\/betonova-dlazba\/alterno\/","og_locale":"sk_SK","og_type":"article","og_title":"Alterno | Krajn Exp","og_description":"Dal\u0161\u00ed z \u0159ady dla\u017eeb, kter\u00e9 na vydl\u00e1\u017ed\u011bn\u00e9 plo\u0161e kombinuj\u00ed n\u011bkolik rozm\u011brov\u011b r\u016fzn\u00fdch kamen\u016f. &nbsp;Dla\u017eba je ur\u010dena pro pochoz\u00ed plochy a m\u00edsta s ob\u010dasn\u00fdm pojezdem osobn\u00edch automobil\u016f. Je mrazuvzdorn\u00e1.","og_url":"https:\/\/krajn.sk\/expo\/sortiment\/dlazba-a-terasove-platne\/betonova-dlazba\/alterno\/","og_site_name":"Krajn Exp","article_modified_time":"2023-01-14T21:38:45+00:00","og_image":[{"width":993,"height":1500,"url":"https:\/\/krajn.sk\/expo\/wp-content\/uploads\/2021\/01\/alterno.jpg","type":"image\/jpeg"}],"twitter_card":"summary_large_image","twitter_misc":{"Predpokladan\u00fd \u010das \u010d\u00edtania":"1 min\u00fata"},"schema":{"@context":"https:\/\/schema.org","@graph":[{"@type":"WebPage","@id":"https:\/\/krajn.sk\/expo\/sortiment\/dlazba-a-terasove-platne\/betonova-dlazba\/alterno\/","url":"https:\/\/krajn.sk\/expo\/sortiment\/dlazba-a-terasove-platne\/betonova-dlazba\/alterno\/","name":"Alterno | Krajn Exp","isPartOf":{"@id":"https:\/\/krajn.sk\/expo\/#website"},"primaryImageOfPage":{"@id":"https:\/\/krajn.sk\/expo\/sortiment\/dlazba-a-terasove-platne\/betonova-dlazba\/alterno\/#primaryimage"},"image":{"@id":"https:\/\/krajn.sk\/expo\/sortiment\/dlazba-a-terasove-platne\/betonova-dlazba\/alterno\/#primaryimage"},"thumbnailUrl":"https:\/\/krajn.sk\/expo\/wp-content\/uploads\/2021\/01\/alterno.jpg","datePublished":"2020-07-21T13:24:42+00:00","dateModified":"2023-01-14T21:38:45+00:00","breadcrumb":{"@id":"https:\/\/krajn.sk\/expo\/sortiment\/dlazba-a-terasove-platne\/betonova-dlazba\/alterno\/#breadcrumb"},"inLanguage":"sk-SK","potentialAction":[{"@type":"ReadAction","target":["https:\/\/krajn.sk\/expo\/sortiment\/dlazba-a-terasove-platne\/betonova-dlazba\/alterno\/"]}]},{"@type":"ImageObject","inLanguage":"sk-SK","@id":"https:\/\/krajn.sk\/expo\/sortiment\/dlazba-a-terasove-platne\/betonova-dlazba\/alterno\/#primaryimage","url":"https:\/\/krajn.sk\/expo\/wp-content\/uploads\/2021\/01\/alterno.jpg","contentUrl":"https:\/\/krajn.sk\/expo\/wp-content\/uploads\/2021\/01\/alterno.jpg","width":993,"height":1500},{"@type":"BreadcrumbList","@id":"https:\/\/krajn.sk\/expo\/sortiment\/dlazba-a-terasove-platne\/betonova-dlazba\/alterno\/#breadcrumb","itemListElement":[{"@type":"ListItem","position":1,"name":"Home","item":"https:\/\/krajn.sk\/expo\/"},{"@type":"ListItem","position":2,"name":"Produkty","item":"https:\/\/krajn.sk\/expo\/sortiment\/"},{"@type":"ListItem","position":3,"name":"Alterno"}]},{"@type":"WebSite","@id":"https:\/\/krajn.sk\/expo\/#website","url":"https:\/\/krajn.sk\/expo\/","name":"Krajn Exp","description":"Va\u0161e stavebniny na kraji Stupavy!","publisher":{"@id":"https:\/\/krajn.sk\/expo\/#organization"},"potentialAction":[{"@type":"SearchAction","target":{"@type":"EntryPoint","urlTemplate":"https:\/\/krajn.sk\/expo\/?s={search_term_string}"},"query-input":{"@type":"PropertyValueSpecification","valueRequired":true,"valueName":"search_term_string"}}],"inLanguage":"sk-SK"},{"@type":"Organization","@id":"https:\/\/krajn.sk\/expo\/#organization","name":"Krajn Expo","url":"https:\/\/krajn.sk\/expo\/","logo":{"@type":"ImageObject","inLanguage":"sk-SK","@id":"https:\/\/krajn.sk\/expo\/#\/schema\/logo\/image\/","url":"https:\/\/krajn.sk\/expo\/wp-content\/uploads\/2020\/03\/logo_expo_transparent.png","contentUrl":"https:\/\/krajn.sk\/expo\/wp-content\/uploads\/2020\/03\/logo_expo_transparent.png","width":91,"height":105,"caption":"Krajn Expo"},"image":{"@id":"https:\/\/krajn.sk\/expo\/#\/schema\/logo\/image\/"}}]}},"_links":{"self":[{"href":"https:\/\/krajn.sk\/expo\/wp-json\/wp\/v2\/product\/6030"}],"collection":[{"href":"https:\/\/krajn.sk\/expo\/wp-json\/wp\/v2\/product"}],"about":[{"href":"https:\/\/krajn.sk\/expo\/wp-json\/wp\/v2\/types\/product"}],"version-history":[{"count":1,"href":"https:\/\/krajn.sk\/expo\/wp-json\/wp\/v2\/product\/6030\/revisions"}],"predecessor-version":[{"id":7028,"href":"https:\/\/krajn.sk\/expo\/wp-json\/wp\/v2\/product\/6030\/revisions\/7028"}],"wp:featuredmedia":[{"embeddable":true,"href":"https:\/\/krajn.sk\/expo\/wp-json\/wp\/v2\/media\/7025"}],"wp:attachment":[{"href":"https:\/\/krajn.sk\/expo\/wp-json\/wp\/v2\/media?parent=6030"}],"wp:term":[{"taxonomy":"product_brand","embeddable":true,"href":"https:\/\/krajn.sk\/expo\/wp-json\/wp\/v2\/product_brand?post=6030"},{"taxonomy":"product_cat","embeddable":true,"href":"https:\/\/krajn.sk\/expo\/wp-json\/wp\/v2\/product_cat?post=6030"},{"taxonomy":"product_tag","embeddable":true,"href":"https:\/\/krajn.sk\/expo\/wp-json\/wp\/v2\/product_tag?post=6030"}],"curies":[{"name":"wp","href":"https:\/\/api.w.org\/{rel}","templated":true}]}}