{"id":8837,"date":"2021-03-28T12:30:13","date_gmt":"2021-03-28T10:30:13","guid":{"rendered":"https:\/\/krajn.sk\/expo\/?post_type=product&#038;p=8837"},"modified":"2023-03-25T23:04:42","modified_gmt":"2023-03-25T22:04:42","slug":"pieskovec-p1-dlazby","status":"publish","type":"product","link":"https:\/\/krajn.sk\/expo\/sortiment\/dlazba-a-terasove-platne\/kamenna-dlazba\/pieskovec-p1-dlazby\/","title":{"rendered":"Pieskovec P1 dla\u017eby"},"content":{"rendered":"<p>Pieskovec P1-<strong>Dla\u017eba Rustik<\/strong> \u1d13 10-50 cm,hr. 2-5 cm, KP &#8211; 0105<\/p>\n<p>Pieskovec P1-<strong>Dla\u017eba<\/strong> \u1d13 10-50 cm,hr. 2-5 cm, KP &#8211; 1247<\/p>\n","protected":false},"excerpt":{"rendered":"<p>Kamenn\u00e1 dla\u017eba pieskovec v\u010faka svojej \u017elto-hnedej farbe vytv\u00e1ra dokonal\u00fa s\u00fahru v z\u00e1hradnej architekt\u00fare spolu s drevom.<\/p>\n","protected":false},"featured_media":8838,"template":"","meta":{"inline_featured_image":false,"site-sidebar-layout":"default","site-content-layout":"","ast-site-content-layout":"","site-content-style":"default","site-sidebar-style":"default","ast-global-header-display":"","ast-banner-title-visibility":"","ast-main-header-display":"","ast-hfb-above-header-display":"","ast-hfb-below-header-display":"","ast-hfb-mobile-header-display":"","site-post-title":"","ast-breadcrumbs-content":"","ast-featured-img":"","footer-sml-layout":"","theme-transparent-header-meta":"","adv-header-id-meta":"","stick-header-meta":"","header-above-stick-meta":"","header-main-stick-meta":"","header-below-stick-meta":"","astra-migrate-meta-layouts":"default","ast-page-background-enabled":"default","ast-page-background-meta":{"desktop":{"background-color":"var(--ast-global-color-4)","background-image":"","background-repeat":"repeat","background-position":"center center","background-size":"auto","background-attachment":"scroll","background-type":"","background-media":"","overlay-type":"","overlay-color":"","overlay-opacity":"","overlay-gradient":""},"tablet":{"background-color":"","background-image":"","background-repeat":"repeat","background-position":"center center","background-size":"auto","background-attachment":"scroll","background-type":"","background-media":"","overlay-type":"","overlay-color":"","overlay-opacity":"","overlay-gradient":""},"mobile":{"background-color":"","background-image":"","background-repeat":"repeat","background-position":"center center","background-size":"auto","background-attachment":"scroll","background-type":"","background-media":"","overlay-type":"","overlay-color":"","overlay-opacity":"","overlay-gradient":""}},"ast-content-background-meta":{"desktop":{"background-color":"var(--ast-global-color-5)","background-image":"","background-repeat":"repeat","background-position":"center center","background-size":"auto","background-attachment":"scroll","background-type":"","background-media":"","overlay-type":"","overlay-color":"","overlay-opacity":"","overlay-gradient":""},"tablet":{"background-color":"var(--ast-global-color-5)","background-image":"","background-repeat":"repeat","background-position":"center center","background-size":"auto","background-attachment":"scroll","background-type":"","background-media":"","overlay-type":"","overlay-color":"","overlay-opacity":"","overlay-gradient":""},"mobile":{"background-color":"var(--ast-global-color-5)","background-image":"","background-repeat":"repeat","background-position":"center center","background-size":"auto","background-attachment":"scroll","background-type":"","background-media":"","overlay-type":"","overlay-color":"","overlay-opacity":"","overlay-gradient":""}},"ngg_post_thumbnail":0},"product_brand":[],"product_cat":[333],"product_tag":[342],"class_list":{"0":"post-8837","1":"product","2":"type-product","3":"status-publish","4":"has-post-thumbnail","6":"product_cat-kamenna-dlazba","7":"product_tag-kamenta","8":"pa_dodavatelia-kamenta","9":"desktop-align-left","10":"tablet-align-left","11":"mobile-align-left","13":"first","14":"instock","15":"taxable","16":"shipping-taxable","17":"purchasable","18":"product-type-variable"},"yoast_head":"<!-- This site is optimized with the Yoast SEO plugin v24.8.1 - https:\/\/yoast.com\/wordpress\/plugins\/seo\/ -->\n<title>Pieskovec P1 dla\u017eby | Krajn Exp<\/title>\n<meta name=\"robots\" content=\"index, follow, max-snippet:-1, max-image-preview:large, max-video-preview:-1\" \/>\n<link rel=\"canonical\" href=\"https:\/\/krajn.sk\/expo\/sortiment\/dlazba-a-terasove-platne\/kamenna-dlazba\/pieskovec-p1-dlazby\/\" \/>\n<meta property=\"og:locale\" content=\"sk_SK\" \/>\n<meta property=\"og:type\" content=\"article\" \/>\n<meta property=\"og:title\" content=\"Pieskovec P1 dla\u017eby | Krajn Exp\" \/>\n<meta property=\"og:description\" content=\"Kamenn\u00e1 dla\u017eba pieskovec v\u010faka svojej \u017elto-hnedej farbe vytv\u00e1ra dokonal\u00fa s\u00fahru v z\u00e1hradnej architekt\u00fare spolu s drevom.\" \/>\n<meta property=\"og:url\" content=\"https:\/\/krajn.sk\/expo\/sortiment\/dlazba-a-terasove-platne\/kamenna-dlazba\/pieskovec-p1-dlazby\/\" \/>\n<meta property=\"og:site_name\" content=\"Krajn Exp\" \/>\n<meta property=\"article:modified_time\" content=\"2023-03-25T22:04:42+00:00\" \/>\n<meta property=\"og:image\" content=\"https:\/\/krajn.sk\/expo\/wp-content\/uploads\/2021\/03\/pieskovec-p1-dlazby.jpg\" \/>\n\t<meta property=\"og:image:width\" content=\"293\" \/>\n\t<meta property=\"og:image:height\" content=\"220\" \/>\n\t<meta property=\"og:image:type\" content=\"image\/jpeg\" \/>\n<meta name=\"twitter:card\" content=\"summary_large_image\" \/>\n<meta name=\"twitter:label1\" content=\"Predpokladan\u00fd \u010das \u010d\u00edtania\" \/>\n\t<meta name=\"twitter:data1\" content=\"1 min\u00fata\" \/>\n<script type=\"application\/ld+json\" class=\"yoast-schema-graph\">{\"@context\":\"https:\/\/schema.org\",\"@graph\":[{\"@type\":\"WebPage\",\"@id\":\"https:\/\/krajn.sk\/expo\/sortiment\/dlazba-a-terasove-platne\/kamenna-dlazba\/pieskovec-p1-dlazby\/\",\"url\":\"https:\/\/krajn.sk\/expo\/sortiment\/dlazba-a-terasove-platne\/kamenna-dlazba\/pieskovec-p1-dlazby\/\",\"name\":\"Pieskovec P1 dla\u017eby | Krajn Exp\",\"isPartOf\":{\"@id\":\"https:\/\/krajn.sk\/expo\/#website\"},\"primaryImageOfPage\":{\"@id\":\"https:\/\/krajn.sk\/expo\/sortiment\/dlazba-a-terasove-platne\/kamenna-dlazba\/pieskovec-p1-dlazby\/#primaryimage\"},\"image\":{\"@id\":\"https:\/\/krajn.sk\/expo\/sortiment\/dlazba-a-terasove-platne\/kamenna-dlazba\/pieskovec-p1-dlazby\/#primaryimage\"},\"thumbnailUrl\":\"https:\/\/krajn.sk\/expo\/wp-content\/uploads\/2021\/03\/pieskovec-p1-dlazby.jpg\",\"datePublished\":\"2021-03-28T10:30:13+00:00\",\"dateModified\":\"2023-03-25T22:04:42+00:00\",\"breadcrumb\":{\"@id\":\"https:\/\/krajn.sk\/expo\/sortiment\/dlazba-a-terasove-platne\/kamenna-dlazba\/pieskovec-p1-dlazby\/#breadcrumb\"},\"inLanguage\":\"sk-SK\",\"potentialAction\":[{\"@type\":\"ReadAction\",\"target\":[\"https:\/\/krajn.sk\/expo\/sortiment\/dlazba-a-terasove-platne\/kamenna-dlazba\/pieskovec-p1-dlazby\/\"]}]},{\"@type\":\"ImageObject\",\"inLanguage\":\"sk-SK\",\"@id\":\"https:\/\/krajn.sk\/expo\/sortiment\/dlazba-a-terasove-platne\/kamenna-dlazba\/pieskovec-p1-dlazby\/#primaryimage\",\"url\":\"https:\/\/krajn.sk\/expo\/wp-content\/uploads\/2021\/03\/pieskovec-p1-dlazby.jpg\",\"contentUrl\":\"https:\/\/krajn.sk\/expo\/wp-content\/uploads\/2021\/03\/pieskovec-p1-dlazby.jpg\",\"width\":293,\"height\":220},{\"@type\":\"BreadcrumbList\",\"@id\":\"https:\/\/krajn.sk\/expo\/sortiment\/dlazba-a-terasove-platne\/kamenna-dlazba\/pieskovec-p1-dlazby\/#breadcrumb\",\"itemListElement\":[{\"@type\":\"ListItem\",\"position\":1,\"name\":\"Home\",\"item\":\"https:\/\/krajn.sk\/expo\/\"},{\"@type\":\"ListItem\",\"position\":2,\"name\":\"Produkty\",\"item\":\"https:\/\/krajn.sk\/expo\/sortiment\/\"},{\"@type\":\"ListItem\",\"position\":3,\"name\":\"Pieskovec P1 dla\u017eby\"}]},{\"@type\":\"WebSite\",\"@id\":\"https:\/\/krajn.sk\/expo\/#website\",\"url\":\"https:\/\/krajn.sk\/expo\/\",\"name\":\"Krajn Exp\",\"description\":\"Va\u0161e stavebniny na kraji Stupavy!\",\"publisher\":{\"@id\":\"https:\/\/krajn.sk\/expo\/#organization\"},\"potentialAction\":[{\"@type\":\"SearchAction\",\"target\":{\"@type\":\"EntryPoint\",\"urlTemplate\":\"https:\/\/krajn.sk\/expo\/?s={search_term_string}\"},\"query-input\":{\"@type\":\"PropertyValueSpecification\",\"valueRequired\":true,\"valueName\":\"search_term_string\"}}],\"inLanguage\":\"sk-SK\"},{\"@type\":\"Organization\",\"@id\":\"https:\/\/krajn.sk\/expo\/#organization\",\"name\":\"Krajn Expo\",\"url\":\"https:\/\/krajn.sk\/expo\/\",\"logo\":{\"@type\":\"ImageObject\",\"inLanguage\":\"sk-SK\",\"@id\":\"https:\/\/krajn.sk\/expo\/#\/schema\/logo\/image\/\",\"url\":\"https:\/\/krajn.sk\/expo\/wp-content\/uploads\/2020\/03\/logo_expo_transparent.png\",\"contentUrl\":\"https:\/\/krajn.sk\/expo\/wp-content\/uploads\/2020\/03\/logo_expo_transparent.png\",\"width\":91,\"height\":105,\"caption\":\"Krajn Expo\"},\"image\":{\"@id\":\"https:\/\/krajn.sk\/expo\/#\/schema\/logo\/image\/\"}}]}<\/script>\n<!-- \/ Yoast SEO plugin. -->","yoast_head_json":{"title":"Pieskovec P1 dla\u017eby | Krajn Exp","robots":{"index":"index","follow":"follow","max-snippet":"max-snippet:-1","max-image-preview":"max-image-preview:large","max-video-preview":"max-video-preview:-1"},"canonical":"https:\/\/krajn.sk\/expo\/sortiment\/dlazba-a-terasove-platne\/kamenna-dlazba\/pieskovec-p1-dlazby\/","og_locale":"sk_SK","og_type":"article","og_title":"Pieskovec P1 dla\u017eby | Krajn Exp","og_description":"Kamenn\u00e1 dla\u017eba pieskovec v\u010faka svojej \u017elto-hnedej farbe vytv\u00e1ra dokonal\u00fa s\u00fahru v z\u00e1hradnej architekt\u00fare spolu s drevom.","og_url":"https:\/\/krajn.sk\/expo\/sortiment\/dlazba-a-terasove-platne\/kamenna-dlazba\/pieskovec-p1-dlazby\/","og_site_name":"Krajn Exp","article_modified_time":"2023-03-25T22:04:42+00:00","og_image":[{"width":293,"height":220,"url":"https:\/\/krajn.sk\/expo\/wp-content\/uploads\/2021\/03\/pieskovec-p1-dlazby.jpg","type":"image\/jpeg"}],"twitter_card":"summary_large_image","twitter_misc":{"Predpokladan\u00fd \u010das \u010d\u00edtania":"1 min\u00fata"},"schema":{"@context":"https:\/\/schema.org","@graph":[{"@type":"WebPage","@id":"https:\/\/krajn.sk\/expo\/sortiment\/dlazba-a-terasove-platne\/kamenna-dlazba\/pieskovec-p1-dlazby\/","url":"https:\/\/krajn.sk\/expo\/sortiment\/dlazba-a-terasove-platne\/kamenna-dlazba\/pieskovec-p1-dlazby\/","name":"Pieskovec P1 dla\u017eby | Krajn Exp","isPartOf":{"@id":"https:\/\/krajn.sk\/expo\/#website"},"primaryImageOfPage":{"@id":"https:\/\/krajn.sk\/expo\/sortiment\/dlazba-a-terasove-platne\/kamenna-dlazba\/pieskovec-p1-dlazby\/#primaryimage"},"image":{"@id":"https:\/\/krajn.sk\/expo\/sortiment\/dlazba-a-terasove-platne\/kamenna-dlazba\/pieskovec-p1-dlazby\/#primaryimage"},"thumbnailUrl":"https:\/\/krajn.sk\/expo\/wp-content\/uploads\/2021\/03\/pieskovec-p1-dlazby.jpg","datePublished":"2021-03-28T10:30:13+00:00","dateModified":"2023-03-25T22:04:42+00:00","breadcrumb":{"@id":"https:\/\/krajn.sk\/expo\/sortiment\/dlazba-a-terasove-platne\/kamenna-dlazba\/pieskovec-p1-dlazby\/#breadcrumb"},"inLanguage":"sk-SK","potentialAction":[{"@type":"ReadAction","target":["https:\/\/krajn.sk\/expo\/sortiment\/dlazba-a-terasove-platne\/kamenna-dlazba\/pieskovec-p1-dlazby\/"]}]},{"@type":"ImageObject","inLanguage":"sk-SK","@id":"https:\/\/krajn.sk\/expo\/sortiment\/dlazba-a-terasove-platne\/kamenna-dlazba\/pieskovec-p1-dlazby\/#primaryimage","url":"https:\/\/krajn.sk\/expo\/wp-content\/uploads\/2021\/03\/pieskovec-p1-dlazby.jpg","contentUrl":"https:\/\/krajn.sk\/expo\/wp-content\/uploads\/2021\/03\/pieskovec-p1-dlazby.jpg","width":293,"height":220},{"@type":"BreadcrumbList","@id":"https:\/\/krajn.sk\/expo\/sortiment\/dlazba-a-terasove-platne\/kamenna-dlazba\/pieskovec-p1-dlazby\/#breadcrumb","itemListElement":[{"@type":"ListItem","position":1,"name":"Home","item":"https:\/\/krajn.sk\/expo\/"},{"@type":"ListItem","position":2,"name":"Produkty","item":"https:\/\/krajn.sk\/expo\/sortiment\/"},{"@type":"ListItem","position":3,"name":"Pieskovec P1 dla\u017eby"}]},{"@type":"WebSite","@id":"https:\/\/krajn.sk\/expo\/#website","url":"https:\/\/krajn.sk\/expo\/","name":"Krajn Exp","description":"Va\u0161e stavebniny na kraji Stupavy!","publisher":{"@id":"https:\/\/krajn.sk\/expo\/#organization"},"potentialAction":[{"@type":"SearchAction","target":{"@type":"EntryPoint","urlTemplate":"https:\/\/krajn.sk\/expo\/?s={search_term_string}"},"query-input":{"@type":"PropertyValueSpecification","valueRequired":true,"valueName":"search_term_string"}}],"inLanguage":"sk-SK"},{"@type":"Organization","@id":"https:\/\/krajn.sk\/expo\/#organization","name":"Krajn Expo","url":"https:\/\/krajn.sk\/expo\/","logo":{"@type":"ImageObject","inLanguage":"sk-SK","@id":"https:\/\/krajn.sk\/expo\/#\/schema\/logo\/image\/","url":"https:\/\/krajn.sk\/expo\/wp-content\/uploads\/2020\/03\/logo_expo_transparent.png","contentUrl":"https:\/\/krajn.sk\/expo\/wp-content\/uploads\/2020\/03\/logo_expo_transparent.png","width":91,"height":105,"caption":"Krajn Expo"},"image":{"@id":"https:\/\/krajn.sk\/expo\/#\/schema\/logo\/image\/"}}]}},"_links":{"self":[{"href":"https:\/\/krajn.sk\/expo\/wp-json\/wp\/v2\/product\/8837"}],"collection":[{"href":"https:\/\/krajn.sk\/expo\/wp-json\/wp\/v2\/product"}],"about":[{"href":"https:\/\/krajn.sk\/expo\/wp-json\/wp\/v2\/types\/product"}],"version-history":[{"count":1,"href":"https:\/\/krajn.sk\/expo\/wp-json\/wp\/v2\/product\/8837\/revisions"}],"predecessor-version":[{"id":8899,"href":"https:\/\/krajn.sk\/expo\/wp-json\/wp\/v2\/product\/8837\/revisions\/8899"}],"wp:featuredmedia":[{"embeddable":true,"href":"https:\/\/krajn.sk\/expo\/wp-json\/wp\/v2\/media\/8838"}],"wp:attachment":[{"href":"https:\/\/krajn.sk\/expo\/wp-json\/wp\/v2\/media?parent=8837"}],"wp:term":[{"taxonomy":"product_brand","embeddable":true,"href":"https:\/\/krajn.sk\/expo\/wp-json\/wp\/v2\/product_brand?post=8837"},{"taxonomy":"product_cat","embeddable":true,"href":"https:\/\/krajn.sk\/expo\/wp-json\/wp\/v2\/product_cat?post=8837"},{"taxonomy":"product_tag","embeddable":true,"href":"https:\/\/krajn.sk\/expo\/wp-json\/wp\/v2\/product_tag?post=8837"}],"curies":[{"name":"wp","href":"https:\/\/api.w.org\/{rel}","templated":true}]}}