{"id":9595,"date":"2021-05-25T01:21:45","date_gmt":"2021-05-24T23:21:45","guid":{"rendered":"https:\/\/krajn.sk\/expo\/?post_type=product&#038;p=9595"},"modified":"2023-03-25T21:36:53","modified_gmt":"2023-03-25T20:36:53","slug":"debniaca-tvarnica","status":"publish","type":"product","link":"https:\/\/krajn.sk\/expo\/sortiment\/prvky-zahradnej-architektury\/debniaca-tvarnica\/","title":{"rendered":"Debniaca tv\u00e1rnica"},"content":{"rendered":"<p><strong>Debniace tv\u00e1rnice<\/strong>&nbsp;a&nbsp;ich v\u00fdhody: jednoduch\u00e1 such\u00e1 mont\u00e1\u017e, presn\u00e9 ukladanie, dobr\u00e1 pri\u013enavos\u0165 omietky, delite\u013en\u00e9 a&nbsp;koncov\u00e9 tv\u00e1rnice dod\u00e1van\u00e9 v&nbsp;ka\u017edej palete (okrem DT40), \u017eiadne debnenie, \u00faspora \u010dasu, tv\u00e1rnice je mo\u017en\u00e9 upravova\u0165 sekan\u00edm, v\u0155tan\u00edm, fr\u00e9zovan\u00ed, pracovn\u00fd \u010das na&nbsp;zhotovenie 1 m<sup>2<\/sup>&nbsp;steny vr\u00e1tane v\u00fdpl\u0148ov\u00e9ho bet\u00f3nu je 0,6 a\u017e 1,1 hod<\/p>\n<p class=\"article_indent align-left\">Bet\u00f3nov\u00e9&nbsp;<strong>debniace tv\u00e1rnice<\/strong>&nbsp;s\u00fa vhodn\u00e9 predov\u0161etk\u00fdm pre steny pivn\u00edc, z\u00e1kladov, straten\u00e9 debnenie, v\u00fdstavbu stien baz\u00e9nov, oplotenie, oporn\u00e9 m\u00fary, vytvorenie bet\u00f3novej resp. \u017eelezobet\u00f3novej steny.<\/p>\n<p><strong>DT15<\/strong> &#8211; 15 x 50 x 25 cm<\/p>\n<p>mno\u017estvo na palete [ks] &#8211; 80<\/p>\n<p>mno\u017estvo delite\u013en\u00fdch a koncov\u00fdch tv\u00e1rnic [ks] &#8211; 10+10<\/p>\n<p><a href=\"https:\/\/krajn.sk\/expo\/wp-content\/uploads\/2021\/05\/debniaca-tvarnica-dt15.jpg\"><img decoding=\"async\" class=\"alignnone size-medium wp-image-9599\" src=\"https:\/\/krajn.sk\/expo\/wp-content\/uploads\/2021\/05\/debniaca-tvarnica-dt15-300x155.jpg\" alt=\"\" width=\"300\" height=\"155\" srcset=\"https:\/\/krajn.sk\/expo\/wp-content\/uploads\/2021\/05\/debniaca-tvarnica-dt15-300x155.jpg 300w, https:\/\/krajn.sk\/expo\/wp-content\/uploads\/2021\/05\/debniaca-tvarnica-dt15-600x309.jpg 600w, https:\/\/krajn.sk\/expo\/wp-content\/uploads\/2021\/05\/debniaca-tvarnica-dt15.jpg 615w\" sizes=\"(max-width: 300px) 100vw, 300px\" \/><\/a><\/p>\n<p><strong>DT20<\/strong> &#8211; 20 x 50 x 25 cm<\/p>\n<p>mno\u017estvo na palete [ks] &#8211; 60<\/p>\n<p>mno\u017estvo delite\u013en\u00fdch a koncov\u00fdch tv\u00e1rnic [ks] &#8211; 5+5<\/p>\n<p><a href=\"https:\/\/krajn.sk\/expo\/wp-content\/uploads\/2021\/05\/debniaca-tvarnica-dt20.jpg\"><img decoding=\"async\" class=\"alignnone size-medium wp-image-9600\" src=\"https:\/\/krajn.sk\/expo\/wp-content\/uploads\/2021\/05\/debniaca-tvarnica-dt20-300x155.jpg\" alt=\"\" width=\"300\" height=\"155\" srcset=\"https:\/\/krajn.sk\/expo\/wp-content\/uploads\/2021\/05\/debniaca-tvarnica-dt20-300x155.jpg 300w, https:\/\/krajn.sk\/expo\/wp-content\/uploads\/2021\/05\/debniaca-tvarnica-dt20-600x309.jpg 600w, https:\/\/krajn.sk\/expo\/wp-content\/uploads\/2021\/05\/debniaca-tvarnica-dt20.jpg 615w\" sizes=\"(max-width: 300px) 100vw, 300px\" \/><\/a><\/p>\n<p><strong>DT25<\/strong> &#8211; 25 x 50 x 25 cm<\/p>\n<p>mno\u017estvo na palete [ks] &#8211; 50<\/p>\n<p>mno\u017estvo delite\u013en\u00fdch a koncov\u00fdch tv\u00e1rnic [ks] &#8211; 5+5<\/p>\n<p><a href=\"https:\/\/krajn.sk\/expo\/wp-content\/uploads\/2021\/05\/debniaca-tvarnica-dt25.jpg\"><img decoding=\"async\" class=\"alignnone size-medium wp-image-9601\" src=\"https:\/\/krajn.sk\/expo\/wp-content\/uploads\/2021\/05\/debniaca-tvarnica-dt25-300x155.jpg\" alt=\"\" width=\"300\" height=\"155\" srcset=\"https:\/\/krajn.sk\/expo\/wp-content\/uploads\/2021\/05\/debniaca-tvarnica-dt25-300x155.jpg 300w, https:\/\/krajn.sk\/expo\/wp-content\/uploads\/2021\/05\/debniaca-tvarnica-dt25-600x309.jpg 600w, https:\/\/krajn.sk\/expo\/wp-content\/uploads\/2021\/05\/debniaca-tvarnica-dt25.jpg 615w\" sizes=\"(max-width: 300px) 100vw, 300px\" \/><\/a><\/p>\n<p><strong>DT30<\/strong> &#8211; 30 x 50 x 25 cm<\/p>\n<p>mno\u017estvo na palete [ks] &#8211; 40<\/p>\n<p>mno\u017estvo delite\u013en\u00fdch a koncov\u00fdch tv\u00e1rnic [ks] &#8211; 5+5<\/p>\n<p><a href=\"https:\/\/krajn.sk\/expo\/wp-content\/uploads\/2021\/05\/debniaca-tvarnica-dt30.jpg\"><img loading=\"lazy\" decoding=\"async\" class=\"alignnone size-medium wp-image-9602\" src=\"https:\/\/krajn.sk\/expo\/wp-content\/uploads\/2021\/05\/debniaca-tvarnica-dt30-300x155.jpg\" alt=\"\" width=\"300\" height=\"155\" srcset=\"https:\/\/krajn.sk\/expo\/wp-content\/uploads\/2021\/05\/debniaca-tvarnica-dt30-300x155.jpg 300w, https:\/\/krajn.sk\/expo\/wp-content\/uploads\/2021\/05\/debniaca-tvarnica-dt30-600x309.jpg 600w, https:\/\/krajn.sk\/expo\/wp-content\/uploads\/2021\/05\/debniaca-tvarnica-dt30.jpg 615w\" sizes=\"(max-width: 300px) 100vw, 300px\" \/><\/a><\/p>\n<p><strong>DT40<\/strong> &#8211; 40 x 50 x 25 cm<\/p>\n<p>mno\u017estvo na palete [ks] &#8211; 30<\/p>\n<p>mno\u017estvo delite\u013en\u00fdch a koncov\u00fdch tv\u00e1rnic [ks] &#8211; 0+5<\/p>\n<p><a href=\"https:\/\/krajn.sk\/expo\/wp-content\/uploads\/2021\/05\/debniaca-tvarnica-dt40.jpg\"><img loading=\"lazy\" decoding=\"async\" class=\"alignnone size-medium wp-image-9596\" src=\"https:\/\/krajn.sk\/expo\/wp-content\/uploads\/2021\/05\/debniaca-tvarnica-dt40-300x155.jpg\" alt=\"\" width=\"300\" height=\"155\" srcset=\"https:\/\/krajn.sk\/expo\/wp-content\/uploads\/2021\/05\/debniaca-tvarnica-dt40-300x155.jpg 300w, https:\/\/krajn.sk\/expo\/wp-content\/uploads\/2021\/05\/debniaca-tvarnica-dt40-600x309.jpg 600w, https:\/\/krajn.sk\/expo\/wp-content\/uploads\/2021\/05\/debniaca-tvarnica-dt40.jpg 615w\" sizes=\"(max-width: 300px) 100vw, 300px\" \/><\/a><\/p>\n<p>&nbsp;<\/p>\n<p class=\"article_indent align-left\">Pre vytvorenie st\u013apov a&nbsp;pilierov\u00fdch rie\u0161en\u00ed s\u00fa vhodn\u00e9&nbsp;<strong>pilierov\u00e9 debniace tv\u00e1rnice<\/strong>.<\/p>\n<p><strong>DTP25<\/strong> &#8211; 25 x 25 x 25 cm<\/p>\n<p>mno\u017estvo na palete [ks] &#8211; 75<\/p>\n<p><a href=\"https:\/\/krajn.sk\/expo\/wp-content\/uploads\/2021\/05\/debniaca-tvarnica-dtp25.jpg\"><img loading=\"lazy\" decoding=\"async\" class=\"alignnone size-medium wp-image-9597\" src=\"https:\/\/krajn.sk\/expo\/wp-content\/uploads\/2021\/05\/debniaca-tvarnica-dtp25-300x154.jpg\" alt=\"\" width=\"300\" height=\"154\" srcset=\"https:\/\/krajn.sk\/expo\/wp-content\/uploads\/2021\/05\/debniaca-tvarnica-dtp25-300x154.jpg 300w, https:\/\/krajn.sk\/expo\/wp-content\/uploads\/2021\/05\/debniaca-tvarnica-dtp25.jpg 313w\" sizes=\"(max-width: 300px) 100vw, 300px\" \/><\/a><\/p>\n<p><strong>DTP30<\/strong> &#8211; 30 x 30 x 25 cm<\/p>\n<p>mno\u017estvo na palete [ks] &#8211; 60<\/p>\n<p><a href=\"https:\/\/krajn.sk\/expo\/wp-content\/uploads\/2021\/05\/debniaca-tvarnica-dtp30.jpg\"><img loading=\"lazy\" decoding=\"async\" class=\"alignnone size-medium wp-image-9598\" src=\"https:\/\/krajn.sk\/expo\/wp-content\/uploads\/2021\/05\/debniaca-tvarnica-dtp30-300x154.jpg\" alt=\"\" width=\"300\" height=\"154\" srcset=\"https:\/\/krajn.sk\/expo\/wp-content\/uploads\/2021\/05\/debniaca-tvarnica-dtp30-300x154.jpg 300w, https:\/\/krajn.sk\/expo\/wp-content\/uploads\/2021\/05\/debniaca-tvarnica-dtp30.jpg 313w\" sizes=\"(max-width: 300px) 100vw, 300px\" \/><\/a><\/p>\n","protected":false},"excerpt":{"rendered":"<p><strong>Pre vytvorenie straten\u00e9ho debnenia<\/strong><br class=\"one-br\"><strong>Debniace tv\u00e1rnice<\/strong>&nbsp;s\u00fa vyroben\u00e9 z&nbsp;prost\u00e9ho bet\u00f3nu s&nbsp;priebe\u017enou dutinou pre v\u00fdpl\u0148ov\u00fd bet\u00f3n a&nbsp;s&nbsp;dr\u00e1\u017ekou na&nbsp;ulo\u017eenie v\u00fdstu\u017ee. V&nbsp;ponuke s\u00fa aj&nbsp;<strong>debniace tv\u00e1rnice pilierov\u00e9<\/strong>, ktor\u00e9 sl\u00fa\u017eia na&nbsp;vytvorenie pilierov a&nbsp;st\u013apov.<\/p>\n","protected":false},"featured_media":9600,"template":"","meta":{"inline_featured_image":false,"site-sidebar-layout":"default","site-content-layout":"","ast-site-content-layout":"","site-content-style":"default","site-sidebar-style":"default","ast-global-header-display":"","ast-banner-title-visibility":"","ast-main-header-display":"","ast-hfb-above-header-display":"","ast-hfb-below-header-display":"","ast-hfb-mobile-header-display":"","site-post-title":"","ast-breadcrumbs-content":"","ast-featured-img":"","footer-sml-layout":"","theme-transparent-header-meta":"","adv-header-id-meta":"","stick-header-meta":"","header-above-stick-meta":"","header-main-stick-meta":"","header-below-stick-meta":"","astra-migrate-meta-layouts":"default","ast-page-background-enabled":"default","ast-page-background-meta":{"desktop":{"background-color":"var(--ast-global-color-4)","background-image":"","background-repeat":"repeat","background-position":"center center","background-size":"auto","background-attachment":"scroll","background-type":"","background-media":"","overlay-type":"","overlay-color":"","overlay-opacity":"","overlay-gradient":""},"tablet":{"background-color":"","background-image":"","background-repeat":"repeat","background-position":"center center","background-size":"auto","background-attachment":"scroll","background-type":"","background-media":"","overlay-type":"","overlay-color":"","overlay-opacity":"","overlay-gradient":""},"mobile":{"background-color":"","background-image":"","background-repeat":"repeat","background-position":"center center","background-size":"auto","background-attachment":"scroll","background-type":"","background-media":"","overlay-type":"","overlay-color":"","overlay-opacity":"","overlay-gradient":""}},"ast-content-background-meta":{"desktop":{"background-color":"var(--ast-global-color-5)","background-image":"","background-repeat":"repeat","background-position":"center center","background-size":"auto","background-attachment":"scroll","background-type":"","background-media":"","overlay-type":"","overlay-color":"","overlay-opacity":"","overlay-gradient":""},"tablet":{"background-color":"var(--ast-global-color-5)","background-image":"","background-repeat":"repeat","background-position":"center center","background-size":"auto","background-attachment":"scroll","background-type":"","background-media":"","overlay-type":"","overlay-color":"","overlay-opacity":"","overlay-gradient":""},"mobile":{"background-color":"var(--ast-global-color-5)","background-image":"","background-repeat":"repeat","background-position":"center center","background-size":"auto","background-attachment":"scroll","background-type":"","background-media":"","overlay-type":"","overlay-color":"","overlay-opacity":"","overlay-gradient":""}},"ngg_post_thumbnail":0},"product_brand":[],"product_cat":[332,207],"product_tag":[164],"class_list":{"0":"post-9595","1":"product","2":"type-product","3":"status-publish","4":"has-post-thumbnail","6":"product_cat-ploty","7":"product_cat-prvky-zahradnej-architektury","8":"product_tag-premac","9":"pa_dodavatelia-premac","10":"desktop-align-left","11":"tablet-align-left","12":"mobile-align-left","14":"first","15":"instock","16":"taxable","17":"shipping-taxable","18":"purchasable","19":"product-type-variable","20":"has-default-attributes"},"yoast_head":"<!-- This site is optimized with the Yoast SEO plugin v24.8.1 - https:\/\/yoast.com\/wordpress\/plugins\/seo\/ -->\n<title>Debniaca tv\u00e1rnica | Krajn Exp<\/title>\n<meta name=\"robots\" content=\"index, follow, max-snippet:-1, max-image-preview:large, max-video-preview:-1\" \/>\n<link rel=\"canonical\" href=\"https:\/\/krajn.sk\/expo\/sortiment\/prvky-zahradnej-architektury\/debniaca-tvarnica\/\" \/>\n<meta property=\"og:locale\" content=\"sk_SK\" \/>\n<meta property=\"og:type\" content=\"article\" \/>\n<meta property=\"og:title\" content=\"Debniaca tv\u00e1rnica | Krajn Exp\" \/>\n<meta property=\"og:description\" content=\"Pre vytvorenie straten\u00e9ho debneniaDebniace tv\u00e1rnice&nbsp;s\u00fa vyroben\u00e9 z&nbsp;prost\u00e9ho bet\u00f3nu s&nbsp;priebe\u017enou dutinou pre v\u00fdpl\u0148ov\u00fd bet\u00f3n a&nbsp;s&nbsp;dr\u00e1\u017ekou na&nbsp;ulo\u017eenie v\u00fdstu\u017ee. V&nbsp;ponuke s\u00fa aj&nbsp;debniace tv\u00e1rnice pilierov\u00e9, ktor\u00e9 sl\u00fa\u017eia na&nbsp;vytvorenie pilierov a&nbsp;st\u013apov.\" \/>\n<meta property=\"og:url\" content=\"https:\/\/krajn.sk\/expo\/sortiment\/prvky-zahradnej-architektury\/debniaca-tvarnica\/\" \/>\n<meta property=\"og:site_name\" content=\"Krajn Exp\" \/>\n<meta property=\"article:modified_time\" content=\"2023-03-25T20:36:53+00:00\" \/>\n<meta property=\"og:image\" content=\"https:\/\/krajn.sk\/expo\/wp-content\/uploads\/2021\/05\/debniaca-tvarnica-dt20.jpg\" \/>\n\t<meta property=\"og:image:width\" content=\"615\" \/>\n\t<meta property=\"og:image:height\" content=\"317\" \/>\n\t<meta property=\"og:image:type\" content=\"image\/jpeg\" \/>\n<meta name=\"twitter:card\" content=\"summary_large_image\" \/>\n<meta name=\"twitter:label1\" content=\"Predpokladan\u00fd \u010das \u010d\u00edtania\" \/>\n\t<meta name=\"twitter:data1\" content=\"3 min\u00faty\" \/>\n<script type=\"application\/ld+json\" class=\"yoast-schema-graph\">{\"@context\":\"https:\/\/schema.org\",\"@graph\":[{\"@type\":\"WebPage\",\"@id\":\"https:\/\/krajn.sk\/expo\/sortiment\/prvky-zahradnej-architektury\/debniaca-tvarnica\/\",\"url\":\"https:\/\/krajn.sk\/expo\/sortiment\/prvky-zahradnej-architektury\/debniaca-tvarnica\/\",\"name\":\"Debniaca tv\u00e1rnica | Krajn Exp\",\"isPartOf\":{\"@id\":\"https:\/\/krajn.sk\/expo\/#website\"},\"primaryImageOfPage\":{\"@id\":\"https:\/\/krajn.sk\/expo\/sortiment\/prvky-zahradnej-architektury\/debniaca-tvarnica\/#primaryimage\"},\"image\":{\"@id\":\"https:\/\/krajn.sk\/expo\/sortiment\/prvky-zahradnej-architektury\/debniaca-tvarnica\/#primaryimage\"},\"thumbnailUrl\":\"https:\/\/krajn.sk\/expo\/wp-content\/uploads\/2021\/05\/debniaca-tvarnica-dt20.jpg\",\"datePublished\":\"2021-05-24T23:21:45+00:00\",\"dateModified\":\"2023-03-25T20:36:53+00:00\",\"breadcrumb\":{\"@id\":\"https:\/\/krajn.sk\/expo\/sortiment\/prvky-zahradnej-architektury\/debniaca-tvarnica\/#breadcrumb\"},\"inLanguage\":\"sk-SK\",\"potentialAction\":[{\"@type\":\"ReadAction\",\"target\":[\"https:\/\/krajn.sk\/expo\/sortiment\/prvky-zahradnej-architektury\/debniaca-tvarnica\/\"]}]},{\"@type\":\"ImageObject\",\"inLanguage\":\"sk-SK\",\"@id\":\"https:\/\/krajn.sk\/expo\/sortiment\/prvky-zahradnej-architektury\/debniaca-tvarnica\/#primaryimage\",\"url\":\"https:\/\/krajn.sk\/expo\/wp-content\/uploads\/2021\/05\/debniaca-tvarnica-dt20.jpg\",\"contentUrl\":\"https:\/\/krajn.sk\/expo\/wp-content\/uploads\/2021\/05\/debniaca-tvarnica-dt20.jpg\",\"width\":615,\"height\":317},{\"@type\":\"BreadcrumbList\",\"@id\":\"https:\/\/krajn.sk\/expo\/sortiment\/prvky-zahradnej-architektury\/debniaca-tvarnica\/#breadcrumb\",\"itemListElement\":[{\"@type\":\"ListItem\",\"position\":1,\"name\":\"Home\",\"item\":\"https:\/\/krajn.sk\/expo\/\"},{\"@type\":\"ListItem\",\"position\":2,\"name\":\"Produkty\",\"item\":\"https:\/\/krajn.sk\/expo\/sortiment\/\"},{\"@type\":\"ListItem\",\"position\":3,\"name\":\"Debniaca tv\u00e1rnica\"}]},{\"@type\":\"WebSite\",\"@id\":\"https:\/\/krajn.sk\/expo\/#website\",\"url\":\"https:\/\/krajn.sk\/expo\/\",\"name\":\"Krajn Exp\",\"description\":\"Va\u0161e stavebniny na kraji Stupavy!\",\"publisher\":{\"@id\":\"https:\/\/krajn.sk\/expo\/#organization\"},\"potentialAction\":[{\"@type\":\"SearchAction\",\"target\":{\"@type\":\"EntryPoint\",\"urlTemplate\":\"https:\/\/krajn.sk\/expo\/?s={search_term_string}\"},\"query-input\":{\"@type\":\"PropertyValueSpecification\",\"valueRequired\":true,\"valueName\":\"search_term_string\"}}],\"inLanguage\":\"sk-SK\"},{\"@type\":\"Organization\",\"@id\":\"https:\/\/krajn.sk\/expo\/#organization\",\"name\":\"Krajn Expo\",\"url\":\"https:\/\/krajn.sk\/expo\/\",\"logo\":{\"@type\":\"ImageObject\",\"inLanguage\":\"sk-SK\",\"@id\":\"https:\/\/krajn.sk\/expo\/#\/schema\/logo\/image\/\",\"url\":\"https:\/\/krajn.sk\/expo\/wp-content\/uploads\/2020\/03\/logo_expo_transparent.png\",\"contentUrl\":\"https:\/\/krajn.sk\/expo\/wp-content\/uploads\/2020\/03\/logo_expo_transparent.png\",\"width\":91,\"height\":105,\"caption\":\"Krajn Expo\"},\"image\":{\"@id\":\"https:\/\/krajn.sk\/expo\/#\/schema\/logo\/image\/\"}}]}<\/script>\n<!-- \/ Yoast SEO plugin. -->","yoast_head_json":{"title":"Debniaca tv\u00e1rnica | Krajn Exp","robots":{"index":"index","follow":"follow","max-snippet":"max-snippet:-1","max-image-preview":"max-image-preview:large","max-video-preview":"max-video-preview:-1"},"canonical":"https:\/\/krajn.sk\/expo\/sortiment\/prvky-zahradnej-architektury\/debniaca-tvarnica\/","og_locale":"sk_SK","og_type":"article","og_title":"Debniaca tv\u00e1rnica | Krajn Exp","og_description":"Pre vytvorenie straten\u00e9ho debneniaDebniace tv\u00e1rnice&nbsp;s\u00fa vyroben\u00e9 z&nbsp;prost\u00e9ho bet\u00f3nu s&nbsp;priebe\u017enou dutinou pre v\u00fdpl\u0148ov\u00fd bet\u00f3n a&nbsp;s&nbsp;dr\u00e1\u017ekou na&nbsp;ulo\u017eenie v\u00fdstu\u017ee. V&nbsp;ponuke s\u00fa aj&nbsp;debniace tv\u00e1rnice pilierov\u00e9, ktor\u00e9 sl\u00fa\u017eia na&nbsp;vytvorenie pilierov a&nbsp;st\u013apov.","og_url":"https:\/\/krajn.sk\/expo\/sortiment\/prvky-zahradnej-architektury\/debniaca-tvarnica\/","og_site_name":"Krajn Exp","article_modified_time":"2023-03-25T20:36:53+00:00","og_image":[{"width":615,"height":317,"url":"https:\/\/krajn.sk\/expo\/wp-content\/uploads\/2021\/05\/debniaca-tvarnica-dt20.jpg","type":"image\/jpeg"}],"twitter_card":"summary_large_image","twitter_misc":{"Predpokladan\u00fd \u010das \u010d\u00edtania":"3 min\u00faty"},"schema":{"@context":"https:\/\/schema.org","@graph":[{"@type":"WebPage","@id":"https:\/\/krajn.sk\/expo\/sortiment\/prvky-zahradnej-architektury\/debniaca-tvarnica\/","url":"https:\/\/krajn.sk\/expo\/sortiment\/prvky-zahradnej-architektury\/debniaca-tvarnica\/","name":"Debniaca tv\u00e1rnica | Krajn Exp","isPartOf":{"@id":"https:\/\/krajn.sk\/expo\/#website"},"primaryImageOfPage":{"@id":"https:\/\/krajn.sk\/expo\/sortiment\/prvky-zahradnej-architektury\/debniaca-tvarnica\/#primaryimage"},"image":{"@id":"https:\/\/krajn.sk\/expo\/sortiment\/prvky-zahradnej-architektury\/debniaca-tvarnica\/#primaryimage"},"thumbnailUrl":"https:\/\/krajn.sk\/expo\/wp-content\/uploads\/2021\/05\/debniaca-tvarnica-dt20.jpg","datePublished":"2021-05-24T23:21:45+00:00","dateModified":"2023-03-25T20:36:53+00:00","breadcrumb":{"@id":"https:\/\/krajn.sk\/expo\/sortiment\/prvky-zahradnej-architektury\/debniaca-tvarnica\/#breadcrumb"},"inLanguage":"sk-SK","potentialAction":[{"@type":"ReadAction","target":["https:\/\/krajn.sk\/expo\/sortiment\/prvky-zahradnej-architektury\/debniaca-tvarnica\/"]}]},{"@type":"ImageObject","inLanguage":"sk-SK","@id":"https:\/\/krajn.sk\/expo\/sortiment\/prvky-zahradnej-architektury\/debniaca-tvarnica\/#primaryimage","url":"https:\/\/krajn.sk\/expo\/wp-content\/uploads\/2021\/05\/debniaca-tvarnica-dt20.jpg","contentUrl":"https:\/\/krajn.sk\/expo\/wp-content\/uploads\/2021\/05\/debniaca-tvarnica-dt20.jpg","width":615,"height":317},{"@type":"BreadcrumbList","@id":"https:\/\/krajn.sk\/expo\/sortiment\/prvky-zahradnej-architektury\/debniaca-tvarnica\/#breadcrumb","itemListElement":[{"@type":"ListItem","position":1,"name":"Home","item":"https:\/\/krajn.sk\/expo\/"},{"@type":"ListItem","position":2,"name":"Produkty","item":"https:\/\/krajn.sk\/expo\/sortiment\/"},{"@type":"ListItem","position":3,"name":"Debniaca tv\u00e1rnica"}]},{"@type":"WebSite","@id":"https:\/\/krajn.sk\/expo\/#website","url":"https:\/\/krajn.sk\/expo\/","name":"Krajn Exp","description":"Va\u0161e stavebniny na kraji Stupavy!","publisher":{"@id":"https:\/\/krajn.sk\/expo\/#organization"},"potentialAction":[{"@type":"SearchAction","target":{"@type":"EntryPoint","urlTemplate":"https:\/\/krajn.sk\/expo\/?s={search_term_string}"},"query-input":{"@type":"PropertyValueSpecification","valueRequired":true,"valueName":"search_term_string"}}],"inLanguage":"sk-SK"},{"@type":"Organization","@id":"https:\/\/krajn.sk\/expo\/#organization","name":"Krajn Expo","url":"https:\/\/krajn.sk\/expo\/","logo":{"@type":"ImageObject","inLanguage":"sk-SK","@id":"https:\/\/krajn.sk\/expo\/#\/schema\/logo\/image\/","url":"https:\/\/krajn.sk\/expo\/wp-content\/uploads\/2020\/03\/logo_expo_transparent.png","contentUrl":"https:\/\/krajn.sk\/expo\/wp-content\/uploads\/2020\/03\/logo_expo_transparent.png","width":91,"height":105,"caption":"Krajn Expo"},"image":{"@id":"https:\/\/krajn.sk\/expo\/#\/schema\/logo\/image\/"}}]}},"_links":{"self":[{"href":"https:\/\/krajn.sk\/expo\/wp-json\/wp\/v2\/product\/9595"}],"collection":[{"href":"https:\/\/krajn.sk\/expo\/wp-json\/wp\/v2\/product"}],"about":[{"href":"https:\/\/krajn.sk\/expo\/wp-json\/wp\/v2\/types\/product"}],"version-history":[{"count":0,"href":"https:\/\/krajn.sk\/expo\/wp-json\/wp\/v2\/product\/9595\/revisions"}],"wp:featuredmedia":[{"embeddable":true,"href":"https:\/\/krajn.sk\/expo\/wp-json\/wp\/v2\/media\/9600"}],"wp:attachment":[{"href":"https:\/\/krajn.sk\/expo\/wp-json\/wp\/v2\/media?parent=9595"}],"wp:term":[{"taxonomy":"product_brand","embeddable":true,"href":"https:\/\/krajn.sk\/expo\/wp-json\/wp\/v2\/product_brand?post=9595"},{"taxonomy":"product_cat","embeddable":true,"href":"https:\/\/krajn.sk\/expo\/wp-json\/wp\/v2\/product_cat?post=9595"},{"taxonomy":"product_tag","embeddable":true,"href":"https:\/\/krajn.sk\/expo\/wp-json\/wp\/v2\/product_tag?post=9595"}],"curies":[{"name":"wp","href":"https:\/\/api.w.org\/{rel}","templated":true}]}}